{"id":2237,"date":"2026-04-24T08:23:07","date_gmt":"2026-04-24T08:23:07","guid":{"rendered":"https:\/\/cozystay.loftocean.com\/island-resort\/?page_id=2237"},"modified":"2026-04-29T08:22:21","modified_gmt":"2026-04-29T08:22:21","slug":"impressum","status":"publish","type":"page","link":"https:\/\/www.alpenfriede.it\/it\/impressum\/","title":{"rendered":"Impressum"},"content":{"rendered":"<div data-elementor-type=\"wp-page\" data-elementor-id=\"2237\" class=\"elementor elementor-2237\">\n\t\t\t\t<div class=\"elementor-element elementor-element-5e447cf5 e-flex e-con-boxed e-con e-parent\" data-id=\"5e447cf5\" data-element_type=\"container\" data-e-type=\"container\">\n\t\t\t\t\t<div class=\"e-con-inner\">\n\t\t\t\t<div class=\"elementor-element elementor-element-40ab6bc4 elementor-widget elementor-widget-text-editor\" data-id=\"40ab6bc4\" data-element_type=\"widget\" data-e-type=\"widget\" data-widget_type=\"text-editor.default\">\n\t\t\t\t\t\t\t\t\t\n<p class=\"isSelectedEnd\"><strong>Impressum<\/strong><\/p>\n<p class=\"isSelectedEnd\"><strong>Angaben gem\u00e4\u00df italienischem Recht (D.Lgs. 70\/2003 &amp; weitere anwendbare Bestimmungen)<\/strong><\/p>\n<p class=\"isSelectedEnd\">Aparthotel Alpenfriede<br \/>Alpenfriede GmbH<br \/>Langtaufers Gschwell 7<br \/>39027 Graun im Vinschgau (BZ)<br \/>Italien<\/p>\n<p class=\"isSelectedEnd\">MwSt.-Nr. (Partita IVA): 01311350217<br \/>Empf\u00e4ngerkodex (Codice destinatario): T9K4ZHO<\/p>\n<p class=\"isSelectedEnd\"><strong>Vertretungsberechtigter:<\/strong><br \/>Kl\u00f6ckner Sylvia<\/p>\n<p class=\"isSelectedEnd\"><strong>Kontakt:<\/strong><br \/>Tel: +39 0473 633091<\/p>\n<p class=\"isSelectedEnd\"><strong>Konzept und grafische Gestaltung:<\/strong><br \/>Eller Michael<\/p>\n<p class=\"isSelectedEnd\"><strong>Fotos:<\/strong><br \/>Ferienregion Reschensee<br \/>Pixabay<\/p>\n<p class=\"isSelectedEnd\"><strong>Haftungsausschluss:<\/strong><br \/>Die Inhalte unserer Website wurden mit gr\u00f6\u00dfter Sorgfalt erstellt. F\u00fcr die Richtigkeit, Vollst\u00e4ndigkeit und Aktualit\u00e4t der Inhalte \u00fcbernehmen wir jedoch keine Gew\u00e4hr.<\/p>\n<p class=\"isSelectedEnd\">Als Diensteanbieter sind wir gem\u00e4\u00df den geltenden gesetzlichen Bestimmungen f\u00fcr eigene Inhalte auf diesen Seiten verantwortlich. Wir sind jedoch nicht verpflichtet, \u00fcbermittelte oder gespeicherte fremde Informationen zu \u00fcberwachen oder nach Umst\u00e4nden zu forschen, die auf eine rechtswidrige T\u00e4tigkeit hinweisen.<\/p>\n<p class=\"isSelectedEnd\">Verpflichtungen zur Entfernung oder Sperrung der Nutzung von Informationen nach den allgemeinen Gesetzen bleiben hiervon unber\u00fchrt.<\/p>\n<p class=\"isSelectedEnd\"><strong>Haftung f\u00fcr Links:<\/strong><br \/>Unsere Website enth\u00e4lt Links zu externen Websites Dritter, auf deren Inhalte wir keinen Einfluss haben. Deshalb k\u00f6nnen wir f\u00fcr diese fremden Inhalte auch keine Gew\u00e4hr \u00fcbernehmen.<\/p>\n<p><strong>Urheberrecht:<\/strong><br \/>Die durch den Seitenbetreiber erstellten Inhalte und Werke auf diesen Seiten unterliegen dem Urheberrecht. Beitr\u00e4ge Dritter sind als solche gekennzeichnet.<\/p>\n\t\t\t\t\t\t\t\t<\/div>\n\t\t\t\t\t<\/div>\n\t\t\t\t<\/div>\n\t\t\t\t<\/div>","protected":false},"excerpt":{"rendered":"<p>Impressum Angaben gem\u00e4\u00df italienischem Recht (D.Lgs. 70\/2003 &amp; weitere anwendbare Bestimmungen) Aparthotel AlpenfriedeAlpenfriede GmbHLangtaufers Gschwell 739027 Graun im Vinschgau (BZ)Italien MwSt.-Nr. (Partita IVA): 01311350217Empf\u00e4ngerkodex (Codice destinatario): T9K4ZHO Vertretungsberechtigter:Kl\u00f6ckner Sylvia Kontakt:Tel: +39 0473 633091 Konzept und grafische Gestaltung:Eller Michael Fotos:Ferienregion ReschenseePixabay Haftungsausschluss:Die Inhalte unserer Website wurden mit gr\u00f6\u00dfter Sorgfalt erstellt. F\u00fcr die Richtigkeit, Vollst\u00e4ndigkeit und Aktualit\u00e4t &#8230;<\/p>","protected":false},"author":1,"featured_media":0,"parent":0,"menu_order":0,"comment_status":"closed","ping_status":"closed","template":"template-fullwidth.php","meta":{"cozystay_single_page_hide_site_header":"","cozystay_single_page_site_header_source":"","cozystay_single_page_custom_site_header":"0","cozystay_single_page_custom_sticky_site_header":"0","cozystay_single_page_hide_page_title":"","cozystay_single_page_header_section_size":"","cozystay_single_page_header_background_color":"","cozystay_single_page_header_background_position_x":"center","cozystay_single_page_header_background_position_y":"center","cozystay_single_page_header_background_size":"cover","cozystay_single_page_header_background_repeat":"off","cozystay_single_page_header_background_scroll":"on","cozystay_single_page_header_text_color":"","cozystay_single_page_header_show_breadcrumb":"","cozystay_single_page_site_footer_hide_main":"","cozystay_single_custom_site_footer_main_source":"","cozystay_single_custom_site_footer_main":"0","cozystay_single_page_site_footer_hide_above":"","cozystay_single_custom_site_footer_above_source":"","cozystay_single_custom_site_footer_above":"0","cozystay_single_page_site_footer_hide_instagram":"","cozystay_single_page_site_footer_hide_bottom":"","cozystay_single_custom_mobile_menu_source":"","cozystay_single_custom_mobile_menu":"0","cozystay_single_custom_mobile_menu_animation":"","cozystay_single_custom_mobile_menu_width":"","cozystay_single_custom_mobile_menu_custom_width":375,"footnotes":""},"class_list":["post-2237","page","type-page","status-publish","hentry"],"_links":{"self":[{"href":"https:\/\/www.alpenfriede.it\/it\/wp-json\/wp\/v2\/pages\/2237","targetHints":{"allow":["GET"]}}],"collection":[{"href":"https:\/\/www.alpenfriede.it\/it\/wp-json\/wp\/v2\/pages"}],"about":[{"href":"https:\/\/www.alpenfriede.it\/it\/wp-json\/wp\/v2\/types\/page"}],"author":[{"embeddable":true,"href":"https:\/\/www.alpenfriede.it\/it\/wp-json\/wp\/v2\/users\/1"}],"replies":[{"embeddable":true,"href":"https:\/\/www.alpenfriede.it\/it\/wp-json\/wp\/v2\/comments?post=2237"}],"version-history":[{"count":13,"href":"https:\/\/www.alpenfriede.it\/it\/wp-json\/wp\/v2\/pages\/2237\/revisions"}],"predecessor-version":[{"id":2939,"href":"https:\/\/www.alpenfriede.it\/it\/wp-json\/wp\/v2\/pages\/2237\/revisions\/2939"}],"wp:attachment":[{"href":"https:\/\/www.alpenfriede.it\/it\/wp-json\/wp\/v2\/media?parent=2237"}],"curies":[{"name":"wp","href":"https:\/\/api.w.org\/{rel}","templated":true}]}}