{"id":2255,"date":"2023-03-11T06:04:53","date_gmt":"2023-03-11T06:04:53","guid":{"rendered":"https:\/\/cozystay.loftocean.com\/island-resort\/?page_id=7"},"modified":"2026-04-30T12:12:26","modified_gmt":"2026-04-30T12:12:26","slug":"home","status":"publish","type":"page","link":"https:\/\/www.alpenfriede.it\/it\/","title":{"rendered":"Home"},"content":{"rendered":"<div data-elementor-type=\"wp-page\" data-elementor-id=\"2255\" class=\"elementor elementor-2255\">\n\t\t\t\t\t\t<section class=\"elementor-section elementor-top-section elementor-element elementor-element-5b5c51a5 elementor-section-height-min-height cs-section-content-fullwidth cs_scroll_y_80 cs-parallax-on-scroll elementor-section-boxed elementor-section-height-default elementor-section-items-middle\" data-id=\"5b5c51a5\" data-element_type=\"section\" data-e-type=\"section\" data-settings=\"{&quot;background_background&quot;:&quot;classic&quot;}\" data-cs-parallax-y=\"80\" style=\"background-image: none;\" data-cs-background-image=\"https:\/\/www.alpenfriede.it\/wp-content\/uploads\/2026\/02\/13-scaled.png\" data-cs-background-image-alt-text=\"\">\n\t\t\t\t\t\t\t<div class=\"elementor-background-overlay\"><\/div>\n\t\t\t\t\t\t\t<div class=\"elementor-container elementor-column-gap-no\">\n\t\t\t\t\t<div class=\"elementor-column elementor-col-100 elementor-top-column elementor-element elementor-element-4a41ebcf dark-color\" data-id=\"4a41ebcf\" data-element_type=\"column\" data-e-type=\"column\">\n\t\t\t<div class=\"elementor-widget-wrap elementor-element-populated\">\n\t\t\t\t\t\t<div class=\"elementor-element elementor-element-5255342d cs-animation-small-offset elementor-invisible elementor-widget elementor-widget-cs_title\" data-id=\"5255342d\" data-element_type=\"widget\" data-e-type=\"widget\" data-settings=\"{&quot;_animation&quot;:&quot;fadeInDown&quot;}\" data-widget_type=\"cs_title.default\">\n\t\t\t\t<div class=\"elementor-widget-container\">\n\t\t\t\t\t\n        <div class=\"cs-title-wrap text-center\">\t            <h1 class=\"cs-title\">\n\t                Arriva.\nRespira a fondo.\nSentiti a casa.\t            <\/h1>\t            <div class=\"cs-title-text\">\n\t                <p>Calore familiare e natura incontaminata nell\u2019idilliaca Vallelunga <span class=\"hover:entity-accent entity-underline inline cursor-pointer align-baseline\"><span class=\"whitespace-normal\">Langtaufers<\/span><\/span>.<\/p>\t            <\/div>        <\/div>\t\t\t\t<\/div>\n\t\t\t\t<\/div>\n\t\t\t\t<div class=\"elementor-element elementor-element-02a3c5c elementor-tablet-align-center e-transform elementor-hidden-desktop elementor-widget elementor-widget-cs_button\" data-id=\"02a3c5c\" data-element_type=\"widget\" data-e-type=\"widget\" data-settings=\"{&quot;_animation_tablet&quot;:&quot;fadeInDown&quot;,&quot;_animation_mobile&quot;:&quot;fadeInDown&quot;,&quot;_transform_rotateZ_effect&quot;:{&quot;unit&quot;:&quot;px&quot;,&quot;size&quot;:&quot;&quot;,&quot;sizes&quot;:[]},&quot;_transform_rotateZ_effect_tablet&quot;:{&quot;unit&quot;:&quot;deg&quot;,&quot;size&quot;:&quot;&quot;,&quot;sizes&quot;:[]},&quot;_transform_rotateZ_effect_mobile&quot;:{&quot;unit&quot;:&quot;deg&quot;,&quot;size&quot;:&quot;&quot;,&quot;sizes&quot;:[]}}\" data-widget_type=\"cs_button.default\">\n\t\t\t\t<div class=\"elementor-widget-container\">\n\t\t\t\t\t        <a href=\"https:\/\/www.alpenfriede.it\/kontakt\/\" class=\"elementor-button-link button\" role=\"button\">\n            <span class=\"cs-btn-text\">Contatti<\/span>        <\/a>\t\t\t\t<\/div>\n\t\t\t\t<\/div>\n\t\t\t\t\t<\/div>\n\t\t<\/div>\n\t\t\t\t\t<\/div>\n\t\t<\/section>\n\t\t\t\t<section class=\"elementor-section elementor-top-section elementor-element elementor-element-1b545afb cs-section-content-fullwidth elementor-section-boxed elementor-section-height-default elementor-section-height-default\" data-id=\"1b545afb\" data-element_type=\"section\" data-e-type=\"section\" data-settings=\"{&quot;background_background&quot;:&quot;classic&quot;}\">\n\t\t\t\t\t\t<div class=\"elementor-container elementor-column-gap-no\">\n\t\t\t\t\t<div class=\"elementor-column elementor-col-100 elementor-top-column elementor-element elementor-element-32d9da5a\" data-id=\"32d9da5a\" data-element_type=\"column\" data-e-type=\"column\">\n\t\t\t<div class=\"elementor-widget-wrap elementor-element-populated\">\n\t\t\t\t\t\t<div class=\"elementor-element elementor-element-a58b117 elementor-view-default elementor-widget elementor-widget-icon\" data-id=\"a58b117\" data-element_type=\"widget\" data-e-type=\"widget\" data-widget_type=\"icon.default\">\n\t\t\t\t\t\t\t<div class=\"elementor-icon-wrapper\">\n\t\t\t<div class=\"elementor-icon\">\n\t\t\t<i aria-hidden=\"true\" class=\"flaticon flaticon-hotel\"><\/i>\t\t\t<\/div>\n\t\t<\/div>\n\t\t\t\t\t\t<\/div>\n\t\t\t\t<div class=\"elementor-element elementor-element-7b1495d2 elementor-widget elementor-widget-cs_title\" data-id=\"7b1495d2\" data-element_type=\"widget\" data-e-type=\"widget\" data-widget_type=\"cs_title.default\">\n\t\t\t\t<div class=\"elementor-widget-container\">\n\t\t\t\t\t\n        <div class=\"cs-title-wrap text-center\">\t            <div class=\"cs-subtitle-wrap\"><span class=\"cs-subtitle\">Willkommen im Aparthotel Alpenfriede<\/span><\/div>\t            <h2 class=\"cs-title\">\n\t                Ankommen. Durchatmen. Zuhause sein.\t            <\/h2>\t            <div class=\"cs-title-text\">\n\t                <p data-start=\"187\" data-end=\"425\">Inmitten der beeindruckenden Bergwelt von <span class=\"hover:entity-accent entity-underline inline cursor-pointer align-baseline\"><span class=\"whitespace-normal\">Langtaufers<\/span><\/span> erwartet Sie unser familiengef\u00fchrtes Aparthotel &#8211; ein Ort, an dem Herzlichkeit, Naturverbundenheit und echte Gastfreundschaft seit Generationen gelebt werden.<\/p><p data-start=\"427\" data-end=\"722\">Das Aparthotel Alpenfriede verbindet die Freiheit eines Apartments mit dem Komfort eines Hotels. Unsere gem\u00fctlich und liebevoll eingerichteten Ferienwohnungen bieten Ihnen Raum f\u00fcr Erholung, gemeinsame Zeit und individuelle Urlaubsmomente &#8211; ob als Paar, mit Freunden oder mit der ganzen Familie.<\/p><p data-start=\"724\" data-end=\"952\">Direkt vor der Haust\u00fcr beginnen Wanderwege, Bike-Touren und im Winter traumhafte Schneelandschaften. Nach einem aktiven Tag in den Bergen genie\u00dfen Sie die Ruhe, die klare Alpenluft und das Gef\u00fchl, genau am richtigen Ort zu sein.<\/p><p data-start=\"954\" data-end=\"1071\">Wir freuen uns darauf, Sie pers\u00f6nlich bei uns begr\u00fc\u00dfen zu d\u00fcrfen &#8211;<br data-start=\"1020\" data-end=\"1023\" \/>Ihre Gastgeberfamilie im Aparthotel Alpenfriede.<br \/>Fam. Kl\u00f6ckner<\/p>\t            <\/div>        <\/div>\t\t\t\t<\/div>\n\t\t\t\t<\/div>\n\t\t\t\t\t<\/div>\n\t\t<\/div>\n\t\t\t\t\t<\/div>\n\t\t<\/section>\n\t\t\t\t<section class=\"elementor-section elementor-top-section elementor-element elementor-element-212c45e3 cs-section-content-fullwidth cs-animation-small-offset elementor-section-boxed elementor-section-height-default elementor-section-height-default elementor-invisible\" data-id=\"212c45e3\" data-element_type=\"section\" data-e-type=\"section\" data-settings=\"{&quot;animation&quot;:&quot;fadeInRight&quot;}\">\n\t\t\t\t\t\t<div class=\"elementor-container elementor-column-gap-no\">\n\t\t\t\t\t<div class=\"elementor-column elementor-col-100 elementor-top-column elementor-element elementor-element-76c691a9\" data-id=\"76c691a9\" data-element_type=\"column\" data-e-type=\"column\">\n\t\t\t<div class=\"elementor-widget-wrap elementor-element-populated\">\n\t\t\t\t\t\t<div class=\"elementor-element elementor-element-5cba2ecc elementor-widget elementor-widget-cs_gallery\" data-id=\"5cba2ecc\" data-element_type=\"widget\" data-e-type=\"widget\" data-widget_type=\"cs_gallery.default\">\n\t\t\t\t<div class=\"elementor-widget-container\">\n\t\t\t\t\t\n            <div class=\"cs-gallery gap-16 gallery-carousel style-overflow\" data-column=\"3\" data-fade=\"\" data-autoplay=\"off\" data-autoplay-speed=\"5000\" data-show-arrows=\"on\" data-show-dots=\"\" data-variable-width=\"off\" data-overflow-style=\"on\" data-center-mode=\"\">\n                <div class=\"cs-gallery-wrap\">                    <div class=\"cs-gallery-item\"><img fetchpriority=\"high\" decoding=\"async\" width=\"550\" height=\"370\" src=\"https:\/\/www.alpenfriede.it\/wp-content\/uploads\/2026\/04\/6-550x370.jpg\" class=\"attachment-cozystay_550x9999 size-cozystay_550x9999 wp-image-2505\" alt=\"\" srcset=\"https:\/\/www.alpenfriede.it\/wp-content\/uploads\/2026\/04\/6-550x370.jpg 550w, https:\/\/www.alpenfriede.it\/wp-content\/uploads\/2026\/04\/6-300x202.jpg 300w, https:\/\/www.alpenfriede.it\/wp-content\/uploads\/2026\/04\/6-1024x688.jpg 1024w, https:\/\/www.alpenfriede.it\/wp-content\/uploads\/2026\/04\/6-768x516.jpg 768w, https:\/\/www.alpenfriede.it\/wp-content\/uploads\/2026\/04\/6-1536x1032.jpg 1536w, https:\/\/www.alpenfriede.it\/wp-content\/uploads\/2026\/04\/6-2048x1376.jpg 2048w, https:\/\/www.alpenfriede.it\/wp-content\/uploads\/2026\/04\/6-1920x1290.jpg 1920w, https:\/\/www.alpenfriede.it\/wp-content\/uploads\/2026\/04\/6-1440x968.jpg 1440w, https:\/\/www.alpenfriede.it\/wp-content\/uploads\/2026\/04\/6-1200x807.jpg 1200w, https:\/\/www.alpenfriede.it\/wp-content\/uploads\/2026\/04\/6-780x524.jpg 780w, https:\/\/www.alpenfriede.it\/wp-content\/uploads\/2026\/04\/6-600x403.jpg 600w, https:\/\/www.alpenfriede.it\/wp-content\/uploads\/2026\/04\/6-370x249.jpg 370w, https:\/\/www.alpenfriede.it\/wp-content\/uploads\/2026\/04\/6-255x171.jpg 255w\" sizes=\"(max-width: 550px) 100vw, 550px\" \/>                    <\/div>                    <div class=\"cs-gallery-item\"><img decoding=\"async\" width=\"550\" height=\"373\" src=\"https:\/\/www.alpenfriede.it\/wp-content\/uploads\/2026\/02\/1-550x373.png\" class=\"attachment-cozystay_550x9999 size-cozystay_550x9999 wp-image-2367\" alt=\"\" srcset=\"https:\/\/www.alpenfriede.it\/wp-content\/uploads\/2026\/02\/1-550x373.png 550w, https:\/\/www.alpenfriede.it\/wp-content\/uploads\/2026\/02\/1-300x203.png 300w, https:\/\/www.alpenfriede.it\/wp-content\/uploads\/2026\/02\/1-1024x694.png 1024w, https:\/\/www.alpenfriede.it\/wp-content\/uploads\/2026\/02\/1-768x521.png 768w, https:\/\/www.alpenfriede.it\/wp-content\/uploads\/2026\/02\/1-1536x1041.png 1536w, https:\/\/www.alpenfriede.it\/wp-content\/uploads\/2026\/02\/1-2048x1388.png 2048w, https:\/\/www.alpenfriede.it\/wp-content\/uploads\/2026\/02\/1-1920x1301.png 1920w, https:\/\/www.alpenfriede.it\/wp-content\/uploads\/2026\/02\/1-1440x976.png 1440w, https:\/\/www.alpenfriede.it\/wp-content\/uploads\/2026\/02\/1-1200x813.png 1200w, https:\/\/www.alpenfriede.it\/wp-content\/uploads\/2026\/02\/1-780x529.png 780w, https:\/\/www.alpenfriede.it\/wp-content\/uploads\/2026\/02\/1-600x407.png 600w, https:\/\/www.alpenfriede.it\/wp-content\/uploads\/2026\/02\/1-370x251.png 370w, https:\/\/www.alpenfriede.it\/wp-content\/uploads\/2026\/02\/1-255x173.png 255w\" sizes=\"(max-width: 550px) 100vw, 550px\" \/>                    <\/div>                    <div class=\"cs-gallery-item\"><img decoding=\"async\" width=\"550\" height=\"369\" src=\"https:\/\/www.alpenfriede.it\/wp-content\/uploads\/2026\/02\/9-550x369.png\" class=\"attachment-cozystay_550x9999 size-cozystay_550x9999 wp-image-2359\" alt=\"\" srcset=\"https:\/\/www.alpenfriede.it\/wp-content\/uploads\/2026\/02\/9-550x369.png 550w, https:\/\/www.alpenfriede.it\/wp-content\/uploads\/2026\/02\/9-300x201.png 300w, https:\/\/www.alpenfriede.it\/wp-content\/uploads\/2026\/02\/9-1024x687.png 1024w, https:\/\/www.alpenfriede.it\/wp-content\/uploads\/2026\/02\/9-768x515.png 768w, https:\/\/www.alpenfriede.it\/wp-content\/uploads\/2026\/02\/9-1536x1030.png 1536w, https:\/\/www.alpenfriede.it\/wp-content\/uploads\/2026\/02\/9-2048x1374.png 2048w, https:\/\/www.alpenfriede.it\/wp-content\/uploads\/2026\/02\/9-1920x1288.png 1920w, https:\/\/www.alpenfriede.it\/wp-content\/uploads\/2026\/02\/9-1440x966.png 1440w, https:\/\/www.alpenfriede.it\/wp-content\/uploads\/2026\/02\/9-1200x805.png 1200w, https:\/\/www.alpenfriede.it\/wp-content\/uploads\/2026\/02\/9-780x523.png 780w, https:\/\/www.alpenfriede.it\/wp-content\/uploads\/2026\/02\/9-600x402.png 600w, https:\/\/www.alpenfriede.it\/wp-content\/uploads\/2026\/02\/9-370x248.png 370w, https:\/\/www.alpenfriede.it\/wp-content\/uploads\/2026\/02\/9-255x171.png 255w\" sizes=\"(max-width: 550px) 100vw, 550px\" \/>                    <\/div>                    <div class=\"cs-gallery-item\"><img loading=\"lazy\" decoding=\"async\" width=\"550\" height=\"370\" src=\"https:\/\/www.alpenfriede.it\/wp-content\/uploads\/2026\/02\/14-550x370.png\" class=\"attachment-cozystay_550x9999 size-cozystay_550x9999 wp-image-2350\" alt=\"\" srcset=\"https:\/\/www.alpenfriede.it\/wp-content\/uploads\/2026\/02\/14-550x370.png 550w, https:\/\/www.alpenfriede.it\/wp-content\/uploads\/2026\/02\/14-300x202.png 300w, https:\/\/www.alpenfriede.it\/wp-content\/uploads\/2026\/02\/14-1024x689.png 1024w, https:\/\/www.alpenfriede.it\/wp-content\/uploads\/2026\/02\/14-768x517.png 768w, https:\/\/www.alpenfriede.it\/wp-content\/uploads\/2026\/02\/14-1536x1034.png 1536w, https:\/\/www.alpenfriede.it\/wp-content\/uploads\/2026\/02\/14-2048x1378.png 2048w, https:\/\/www.alpenfriede.it\/wp-content\/uploads\/2026\/02\/14-1920x1292.png 1920w, https:\/\/www.alpenfriede.it\/wp-content\/uploads\/2026\/02\/14-1440x969.png 1440w, https:\/\/www.alpenfriede.it\/wp-content\/uploads\/2026\/02\/14-1200x808.png 1200w, https:\/\/www.alpenfriede.it\/wp-content\/uploads\/2026\/02\/14-780x525.png 780w, https:\/\/www.alpenfriede.it\/wp-content\/uploads\/2026\/02\/14-600x404.png 600w, https:\/\/www.alpenfriede.it\/wp-content\/uploads\/2026\/02\/14-370x249.png 370w, https:\/\/www.alpenfriede.it\/wp-content\/uploads\/2026\/02\/14-255x172.png 255w\" sizes=\"(max-width: 550px) 100vw, 550px\" \/>                    <\/div>                <\/div>\n            <\/div>\t\t\t\t<\/div>\n\t\t\t\t<\/div>\n\t\t\t\t\t<\/div>\n\t\t<\/div>\n\t\t\t\t\t<\/div>\n\t\t<\/section>\n\t\t\t\t<section class=\"elementor-section elementor-top-section elementor-element elementor-element-4b6dacbf elementor-section-full_width elementor-section-height-min-height cs_scroll_y_80 cs-parallax-on-scroll elementor-section-height-default elementor-section-items-middle\" data-id=\"4b6dacbf\" data-element_type=\"section\" data-e-type=\"section\" data-settings=\"{&quot;background_background&quot;:&quot;classic&quot;}\" data-cs-parallax-y=\"80\" style=\"background-image: none;\" data-cs-background-image=\"https:\/\/www.alpenfriede.it\/wp-content\/uploads\/2026\/02\/13-scaled.png\" data-cs-background-image-alt-text=\"\">\n\t\t\t\t\t\t\t<div class=\"elementor-background-overlay\"><\/div>\n\t\t\t\t\t\t\t<div class=\"elementor-container elementor-column-gap-no\">\n\t\t\t\t\t<div class=\"elementor-column elementor-col-100 elementor-top-column elementor-element elementor-element-3b6934e0 dark-color\" data-id=\"3b6934e0\" data-element_type=\"column\" data-e-type=\"column\">\n\t\t\t<div class=\"elementor-widget-wrap elementor-element-populated\">\n\t\t\t\t\t\t\t<\/div>\n\t\t<\/div>\n\t\t\t\t\t<\/div>\n\t\t<\/section>\n\t\t\t\t<section class=\"elementor-section elementor-top-section elementor-element elementor-element-268ef964 elementor-section-content-bottom elementor-section-boxed elementor-section-height-default elementor-section-height-default\" data-id=\"268ef964\" data-element_type=\"section\" data-e-type=\"section\" data-settings=\"{&quot;background_background&quot;:&quot;classic&quot;}\">\n\t\t\t\t\t\t<div class=\"elementor-container elementor-column-gap-no\">\n\t\t\t\t\t<div class=\"elementor-column elementor-col-66 elementor-top-column elementor-element elementor-element-35ceb183\" data-id=\"35ceb183\" data-element_type=\"column\" data-e-type=\"column\">\n\t\t\t<div class=\"elementor-widget-wrap elementor-element-populated\">\n\t\t\t\t\t\t<div class=\"elementor-element elementor-element-4fcb72bc elementor-widget elementor-widget-cs_title\" data-id=\"4fcb72bc\" data-element_type=\"widget\" data-e-type=\"widget\" data-widget_type=\"cs_title.default\">\n\t\t\t\t<div class=\"elementor-widget-container\">\n\t\t\t\t\t\n        <div class=\"cs-title-wrap text-center-mobile\">\t            <div class=\"cs-subtitle-wrap\"><span class=\"cs-subtitle\">Wohnen und Wohlf\u00fchlen<\/span><\/div>\t            <h3 class=\"cs-title\">\n\t                Unsere Apartments\t            <\/h3>        <\/div>\t\t\t\t<\/div>\n\t\t\t\t<\/div>\n\t\t\t\t\t<\/div>\n\t\t<\/div>\n\t\t\t\t<div class=\"elementor-column elementor-col-33 elementor-top-column elementor-element elementor-element-dd5c36d\" data-id=\"dd5c36d\" data-element_type=\"column\" data-e-type=\"column\">\n\t\t\t<div class=\"elementor-widget-wrap elementor-element-populated\">\n\t\t\t\t\t\t<div class=\"elementor-element elementor-element-6f51a42f elementor-align-right elementor-mobile-align-center elementor-widget elementor-widget-cs_button\" data-id=\"6f51a42f\" data-element_type=\"widget\" data-e-type=\"widget\" data-widget_type=\"cs_button.default\">\n\t\t\t\t<div class=\"elementor-widget-container\">\n\t\t\t\t\t        <a href=\"https:\/\/www.alpenfriede.it\/apartments\/\" class=\"elementor-button-link button\" role=\"button\">\n            <span class=\"cs-btn-text\">Apartments ansehen<\/span>        <\/a>\t\t\t\t<\/div>\n\t\t\t\t<\/div>\n\t\t\t\t\t<\/div>\n\t\t<\/div>\n\t\t\t\t\t<\/div>\n\t\t<\/section>\n\t\t\t\t<section class=\"elementor-section elementor-top-section elementor-element elementor-element-96ce704 elementor-section-boxed elementor-section-height-default elementor-section-height-default\" data-id=\"96ce704\" data-element_type=\"section\" data-e-type=\"section\" data-settings=\"{&quot;background_background&quot;:&quot;classic&quot;}\">\n\t\t\t\t\t\t<div class=\"elementor-container elementor-column-gap-no\">\n\t\t\t\t\t<div class=\"elementor-column elementor-col-100 elementor-top-column elementor-element elementor-element-b781842\" data-id=\"b781842\" data-element_type=\"column\" data-e-type=\"column\">\n\t\t\t<div class=\"elementor-widget-wrap elementor-element-populated\">\n\t\t\t\t\t\t<div class=\"elementor-element elementor-element-30da2ef elementor-widget elementor-widget-cs_rooms\" data-id=\"30da2ef\" data-element_type=\"widget\" data-e-type=\"widget\" data-widget_type=\"cs_rooms.default\">\n\t\t\t\t<div class=\"elementor-widget-container\">\n\t\t\t\t\t                    <div class=\"posts cs-rooms cs-rooms-carousel layout-grid slider-arrows-overlap hide-slider-dots column-3 img-ratio-1-1\" data-loop=\"on\" data-autoplay=\"\" data-autoplay-speed=\"\" data-show-arrows=\"on\" data-show-dots=\"on\" data-column=\"3\">\n                        <div class=\"posts-wrapper cs-rooms-wrapper\">\n    <div class=\"post cs-room-item has-post-thumbnail\">            <div class=\"featured-img\">\n                <a href=\"https:\/\/www.alpenfriede.it\/it\/room\/aquila\/\" aria-label=\"Room Featured Image\"><img loading=\"lazy\" decoding=\"async\" width=\"780\" height=\"529\" src=\"https:\/\/www.alpenfriede.it\/wp-content\/uploads\/2023\/05\/1-B-780x529.jpg\" class=\"attachment-cozystay_780x9999 size-cozystay_780x9999\" alt=\"\" srcset=\"https:\/\/www.alpenfriede.it\/wp-content\/uploads\/2023\/05\/1-B-780x529.jpg 780w, https:\/\/www.alpenfriede.it\/wp-content\/uploads\/2023\/05\/1-B-300x203.jpg 300w, https:\/\/www.alpenfriede.it\/wp-content\/uploads\/2023\/05\/1-B-1024x694.jpg 1024w, https:\/\/www.alpenfriede.it\/wp-content\/uploads\/2023\/05\/1-B-768x521.jpg 768w, https:\/\/www.alpenfriede.it\/wp-content\/uploads\/2023\/05\/1-B-1536x1041.jpg 1536w, https:\/\/www.alpenfriede.it\/wp-content\/uploads\/2023\/05\/1-B-2048x1388.jpg 2048w, https:\/\/www.alpenfriede.it\/wp-content\/uploads\/2023\/05\/1-B-1920x1302.jpg 1920w, https:\/\/www.alpenfriede.it\/wp-content\/uploads\/2023\/05\/1-B-1440x976.jpg 1440w, https:\/\/www.alpenfriede.it\/wp-content\/uploads\/2023\/05\/1-B-1200x813.jpg 1200w, https:\/\/www.alpenfriede.it\/wp-content\/uploads\/2023\/05\/1-B-600x407.jpg 600w, https:\/\/www.alpenfriede.it\/wp-content\/uploads\/2023\/05\/1-B-550x373.jpg 550w, https:\/\/www.alpenfriede.it\/wp-content\/uploads\/2023\/05\/1-B-370x251.jpg 370w, https:\/\/www.alpenfriede.it\/wp-content\/uploads\/2023\/05\/1-B-255x173.jpg 255w\" sizes=\"(max-width: 780px) 100vw, 780px\" \/>                <\/a>            <\/div>\n        <div class=\"post-content cs-room-content\">\n            <header class=\"post-header item-header\">                <h2 class=\"post-title item-title\">\n                    <a href=\"https:\/\/www.alpenfriede.it\/it\/room\/aquila\/\">Aquila<\/a>\n                <\/h2>            <div class=\"cs-room-basic-info\">\n                <ul>                        <li>\n                            <div class=\"csrbi-icon\"><i class=\"flaticon flaticon-maximize\"><\/i><\/div>                            <span class=\"csrbi-text\">50 m<sup>2<\/sup><\/span>                        <\/li>                        <li>\n                            <div class=\"csrbi-icon\"><i class=\"flaticon flaticon-user-2\"><\/i><\/div>                            <span class=\"csrbi-text\">4 G\u00e4ste<\/span>                        <\/li>                        <li>\n                            <div class=\"csrbi-icon\"><i class=\"flaticon flaticon-bed-6\"><\/i><\/div>                            <span class=\"csrbi-text\">2 Doppelbetten<\/span>                        <\/li>                <\/ul>\n            <\/div>            <\/header>                <div class=\"post-excerpt item-excerpt\"><p>Inspiriert vom Adler, der \u00fcber den Gipfeln kreist. Aquila steht f\u00fcr Freiheit, Weitblick und die kraftvolle Sch\u00f6nheit der alpinen Natur rund um Langtaufers.<\/p>\n<\/div>                <footer class=\"post-footer item-footer\">\n                    <div class=\"more-btn\">\n                        <a class=\"read-more-btn button cs-btn-underline\" href=\"https:\/\/www.alpenfriede.it\/it\/room\/aquila\/\">\n                            <span>Mehr ansehen<\/span>\n                        <\/a>\n                    <\/div>\n                <\/footer>        <\/div>\n    <\/div>\n\n    <div class=\"post cs-room-item has-post-thumbnail\">            <div class=\"featured-img\">\n                <a href=\"https:\/\/www.alpenfriede.it\/it\/room\/aura\/\" aria-label=\"Room Featured Image\"><img loading=\"lazy\" decoding=\"async\" width=\"780\" height=\"525\" src=\"https:\/\/www.alpenfriede.it\/wp-content\/uploads\/2023\/04\/7-780x525.jpg\" class=\"attachment-cozystay_780x9999 size-cozystay_780x9999\" alt=\"\" srcset=\"https:\/\/www.alpenfriede.it\/wp-content\/uploads\/2023\/04\/7-780x525.jpg 780w, https:\/\/www.alpenfriede.it\/wp-content\/uploads\/2023\/04\/7-300x202.jpg 300w, https:\/\/www.alpenfriede.it\/wp-content\/uploads\/2023\/04\/7-1024x689.jpg 1024w, https:\/\/www.alpenfriede.it\/wp-content\/uploads\/2023\/04\/7-768x517.jpg 768w, https:\/\/www.alpenfriede.it\/wp-content\/uploads\/2023\/04\/7-1536x1034.jpg 1536w, https:\/\/www.alpenfriede.it\/wp-content\/uploads\/2023\/04\/7-2048x1378.jpg 2048w, https:\/\/www.alpenfriede.it\/wp-content\/uploads\/2023\/04\/7-1920x1292.jpg 1920w, https:\/\/www.alpenfriede.it\/wp-content\/uploads\/2023\/04\/7-1440x969.jpg 1440w, https:\/\/www.alpenfriede.it\/wp-content\/uploads\/2023\/04\/7-1200x808.jpg 1200w, https:\/\/www.alpenfriede.it\/wp-content\/uploads\/2023\/04\/7-600x404.jpg 600w, https:\/\/www.alpenfriede.it\/wp-content\/uploads\/2023\/04\/7-550x370.jpg 550w, https:\/\/www.alpenfriede.it\/wp-content\/uploads\/2023\/04\/7-370x249.jpg 370w, https:\/\/www.alpenfriede.it\/wp-content\/uploads\/2023\/04\/7-255x172.jpg 255w\" sizes=\"(max-width: 780px) 100vw, 780px\" \/>                <\/a>            <\/div>\n        <div class=\"post-content cs-room-content\">\n            <header class=\"post-header item-header\">                <h2 class=\"post-title item-title\">\n                    <a href=\"https:\/\/www.alpenfriede.it\/it\/room\/aura\/\">Aura<\/a>\n                <\/h2>            <div class=\"cs-room-basic-info\">\n                <ul>                        <li>\n                            <div class=\"csrbi-icon\"><i class=\"flaticon flaticon-maximize\"><\/i><\/div>                            <span class=\"csrbi-text\">40 m<sup>2<\/sup><\/span>                        <\/li>                        <li>\n                            <div class=\"csrbi-icon\"><i class=\"flaticon flaticon-user-2\"><\/i><\/div>                            <span class=\"csrbi-text\">4 G\u00e4ste<\/span>                        <\/li>                        <li>\n                            <div class=\"csrbi-icon\"><i class=\"flaticon flaticon-bed-6\"><\/i><\/div>                            <span class=\"csrbi-text\">2 Doppelbetten<\/span>                        <\/li>                <\/ul>\n            <\/div>            <\/header>                <div class=\"post-excerpt item-excerpt\"><p>Die Essenz der Berge: klare Luft, frische Energie und sp\u00fcrbare Ruhe. Aura f\u00e4ngt die besondere Atmosph\u00e4re des Tales auf \u00fcber 1.700 Metern ein.<\/p>\n<\/div>                <footer class=\"post-footer item-footer\">\n                    <div class=\"more-btn\">\n                        <a class=\"read-more-btn button cs-btn-underline\" href=\"https:\/\/www.alpenfriede.it\/it\/room\/aura\/\">\n                            <span>Mehr ansehen<\/span>\n                        <\/a>\n                    <\/div>\n                <\/footer>        <\/div>\n    <\/div>\n\n    <div class=\"post cs-room-item has-post-thumbnail\">            <div class=\"featured-img\">\n                <a href=\"https:\/\/www.alpenfriede.it\/it\/room\/arnica\/\" aria-label=\"Room Featured Image\"><img loading=\"lazy\" decoding=\"async\" width=\"780\" height=\"524\" src=\"https:\/\/www.alpenfriede.it\/wp-content\/uploads\/2023\/04\/6-780x524.jpg\" class=\"attachment-cozystay_780x9999 size-cozystay_780x9999\" alt=\"\" srcset=\"https:\/\/www.alpenfriede.it\/wp-content\/uploads\/2023\/04\/6-780x524.jpg 780w, https:\/\/www.alpenfriede.it\/wp-content\/uploads\/2023\/04\/6-300x202.jpg 300w, https:\/\/www.alpenfriede.it\/wp-content\/uploads\/2023\/04\/6-1024x688.jpg 1024w, https:\/\/www.alpenfriede.it\/wp-content\/uploads\/2023\/04\/6-768x516.jpg 768w, https:\/\/www.alpenfriede.it\/wp-content\/uploads\/2023\/04\/6-1536x1032.jpg 1536w, https:\/\/www.alpenfriede.it\/wp-content\/uploads\/2023\/04\/6-2048x1376.jpg 2048w, https:\/\/www.alpenfriede.it\/wp-content\/uploads\/2023\/04\/6-1920x1290.jpg 1920w, https:\/\/www.alpenfriede.it\/wp-content\/uploads\/2023\/04\/6-1440x968.jpg 1440w, https:\/\/www.alpenfriede.it\/wp-content\/uploads\/2023\/04\/6-1200x807.jpg 1200w, https:\/\/www.alpenfriede.it\/wp-content\/uploads\/2023\/04\/6-600x403.jpg 600w, https:\/\/www.alpenfriede.it\/wp-content\/uploads\/2023\/04\/6-550x370.jpg 550w, https:\/\/www.alpenfriede.it\/wp-content\/uploads\/2023\/04\/6-370x249.jpg 370w, https:\/\/www.alpenfriede.it\/wp-content\/uploads\/2023\/04\/6-255x171.jpg 255w\" sizes=\"(max-width: 780px) 100vw, 780px\" \/>                <\/a>            <\/div>\n        <div class=\"post-content cs-room-content\">\n            <header class=\"post-header item-header\">                <h2 class=\"post-title item-title\">\n                    <a href=\"https:\/\/www.alpenfriede.it\/it\/room\/arnica\/\">Arnica<\/a>\n                <\/h2>            <div class=\"cs-room-basic-info\">\n                <ul>                        <li>\n                            <div class=\"csrbi-icon\"><i class=\"flaticon flaticon-maximize\"><\/i><\/div>                            <span class=\"csrbi-text\">30 m<sup>2<\/sup><\/span>                        <\/li>                        <li>\n                            <div class=\"csrbi-icon\"><i class=\"flaticon flaticon-user-2\"><\/i><\/div>                            <span class=\"csrbi-text\">3 G\u00e4ste<\/span>                        <\/li>                        <li>\n                            <div class=\"csrbi-icon\"><i class=\"flaticon flaticon-bed-6\"><\/i><\/div>                            <span class=\"csrbi-text\">1 Doppelbett 1 Einzelbett<\/span>                        <\/li>                <\/ul>\n            <\/div>            <\/header>                <div class=\"post-excerpt item-excerpt\"><p>Benannt nach der leuchtenden Heilpflanze der Alpen. Arnica verbindet Nat\u00fcrlichkeit, Urspr\u00fcnglichkeit und die sanfte Kraft der Bergwiesen.<\/p>\n<\/div>                <footer class=\"post-footer item-footer\">\n                    <div class=\"more-btn\">\n                        <a class=\"read-more-btn button cs-btn-underline\" href=\"https:\/\/www.alpenfriede.it\/it\/room\/arnica\/\">\n                            <span>Mehr ansehen<\/span>\n                        <\/a>\n                    <\/div>\n                <\/footer>        <\/div>\n    <\/div>\n\n    <div class=\"post cs-room-item has-post-thumbnail hide\">            <div class=\"featured-img\">\n                <a href=\"https:\/\/www.alpenfriede.it\/it\/room\/cristalla\/\" aria-label=\"Room Featured Image\"><img loading=\"lazy\" decoding=\"async\" width=\"780\" height=\"607\" src=\"https:\/\/www.alpenfriede.it\/wp-content\/uploads\/2023\/04\/6-B-780x607.jpg\" class=\"attachment-cozystay_780x9999 size-cozystay_780x9999\" alt=\"\" srcset=\"https:\/\/www.alpenfriede.it\/wp-content\/uploads\/2023\/04\/6-B-780x607.jpg 780w, https:\/\/www.alpenfriede.it\/wp-content\/uploads\/2023\/04\/6-B-300x233.jpg 300w, https:\/\/www.alpenfriede.it\/wp-content\/uploads\/2023\/04\/6-B-1024x797.jpg 1024w, https:\/\/www.alpenfriede.it\/wp-content\/uploads\/2023\/04\/6-B-768x598.jpg 768w, https:\/\/www.alpenfriede.it\/wp-content\/uploads\/2023\/04\/6-B-1536x1195.jpg 1536w, https:\/\/www.alpenfriede.it\/wp-content\/uploads\/2023\/04\/6-B-2048x1594.jpg 2048w, https:\/\/www.alpenfriede.it\/wp-content\/uploads\/2023\/04\/6-B-1920x1494.jpg 1920w, https:\/\/www.alpenfriede.it\/wp-content\/uploads\/2023\/04\/6-B-1440x1120.jpg 1440w, https:\/\/www.alpenfriede.it\/wp-content\/uploads\/2023\/04\/6-B-1200x934.jpg 1200w, https:\/\/www.alpenfriede.it\/wp-content\/uploads\/2023\/04\/6-B-600x467.jpg 600w, https:\/\/www.alpenfriede.it\/wp-content\/uploads\/2023\/04\/6-B-550x428.jpg 550w, https:\/\/www.alpenfriede.it\/wp-content\/uploads\/2023\/04\/6-B-370x288.jpg 370w, https:\/\/www.alpenfriede.it\/wp-content\/uploads\/2023\/04\/6-B-255x198.jpg 255w\" sizes=\"(max-width: 780px) 100vw, 780px\" \/>                <\/a>            <\/div>\n        <div class=\"post-content cs-room-content\">\n            <header class=\"post-header item-header\">                <h2 class=\"post-title item-title\">\n                    <a href=\"https:\/\/www.alpenfriede.it\/it\/room\/cristalla\/\">Cristalla<\/a>\n                <\/h2>            <div class=\"cs-room-basic-info\">\n                <ul>                        <li>\n                            <div class=\"csrbi-icon\"><i class=\"flaticon flaticon-maximize\"><\/i><\/div>                            <span class=\"csrbi-text\">50 m<sup>2<\/sup><\/span>                        <\/li>                        <li>\n                            <div class=\"csrbi-icon\"><i class=\"flaticon flaticon-user-2\"><\/i><\/div>                            <span class=\"csrbi-text\">4 G\u00e4ste<\/span>                        <\/li>                        <li>\n                            <div class=\"csrbi-icon\"><i class=\"flaticon flaticon-bed-6\"><\/i><\/div>                            <span class=\"csrbi-text\">2 Doppelbetten<\/span>                        <\/li>                <\/ul>\n            <\/div>            <\/header>                <div class=\"post-excerpt item-excerpt\"><p>Klar, edel und strahlend wie Bergkristall und Gletschereis. Cristalla steht f\u00fcr Reinheit, Eleganz und die faszinierende Welt der alpinen Elemente.<\/p>\n<\/div>                <footer class=\"post-footer item-footer\">\n                    <div class=\"more-btn\">\n                        <a class=\"read-more-btn button cs-btn-underline\" href=\"https:\/\/www.alpenfriede.it\/it\/room\/cristalla\/\">\n                            <span>Mehr ansehen<\/span>\n                        <\/a>\n                    <\/div>\n                <\/footer>        <\/div>\n    <\/div>\n\n    <div class=\"post cs-room-item has-post-thumbnail hide\">            <div class=\"featured-img\">\n                <a href=\"https:\/\/www.alpenfriede.it\/it\/room\/lumina\/\" aria-label=\"Room Featured Image\"><img loading=\"lazy\" decoding=\"async\" width=\"780\" height=\"602\" src=\"https:\/\/www.alpenfriede.it\/wp-content\/uploads\/2023\/05\/1-2-780x602.jpg\" class=\"attachment-cozystay_780x9999 size-cozystay_780x9999\" alt=\"\" srcset=\"https:\/\/www.alpenfriede.it\/wp-content\/uploads\/2023\/05\/1-2-780x602.jpg 780w, https:\/\/www.alpenfriede.it\/wp-content\/uploads\/2023\/05\/1-2-300x232.jpg 300w, https:\/\/www.alpenfriede.it\/wp-content\/uploads\/2023\/05\/1-2-1024x791.jpg 1024w, https:\/\/www.alpenfriede.it\/wp-content\/uploads\/2023\/05\/1-2-768x593.jpg 768w, https:\/\/www.alpenfriede.it\/wp-content\/uploads\/2023\/05\/1-2-1536x1186.jpg 1536w, https:\/\/www.alpenfriede.it\/wp-content\/uploads\/2023\/05\/1-2-2048x1581.jpg 2048w, https:\/\/www.alpenfriede.it\/wp-content\/uploads\/2023\/05\/1-2-1920x1482.jpg 1920w, https:\/\/www.alpenfriede.it\/wp-content\/uploads\/2023\/05\/1-2-1440x1112.jpg 1440w, https:\/\/www.alpenfriede.it\/wp-content\/uploads\/2023\/05\/1-2-1200x926.jpg 1200w, https:\/\/www.alpenfriede.it\/wp-content\/uploads\/2023\/05\/1-2-600x463.jpg 600w, https:\/\/www.alpenfriede.it\/wp-content\/uploads\/2023\/05\/1-2-550x425.jpg 550w, https:\/\/www.alpenfriede.it\/wp-content\/uploads\/2023\/05\/1-2-370x286.jpg 370w, https:\/\/www.alpenfriede.it\/wp-content\/uploads\/2023\/05\/1-2-255x197.jpg 255w\" sizes=\"(max-width: 780px) 100vw, 780px\" \/>                <\/a>            <\/div>\n        <div class=\"post-content cs-room-content\">\n            <header class=\"post-header item-header\">                <h2 class=\"post-title item-title\">\n                    <a href=\"https:\/\/www.alpenfriede.it\/it\/room\/lumina\/\">Lumina<\/a>\n                <\/h2>            <div class=\"cs-room-basic-info\">\n                <ul>                        <li>\n                            <div class=\"csrbi-icon\"><i class=\"flaticon flaticon-maximize\"><\/i><\/div>                            <span class=\"csrbi-text\">40 m<sup>2<\/sup><\/span>                        <\/li>                        <li>\n                            <div class=\"csrbi-icon\"><i class=\"flaticon flaticon-user-2\"><\/i><\/div>                            <span class=\"csrbi-text\">4 G\u00e4ste<\/span>                        <\/li>                        <li>\n                            <div class=\"csrbi-icon\"><i class=\"flaticon flaticon-bed-6\"><\/i><\/div>                            <span class=\"csrbi-text\">2 Doppelbetten<\/span>                        <\/li>                <\/ul>\n            <\/div>            <\/header>                <div class=\"post-excerpt item-excerpt\"><p>Das Spiel von Licht und Schatten in den Bergen. Lumina steht f\u00fcr goldene Sonnenaufg\u00e4nge, gl\u00fchende Gipfel am Abend und die Magie des alpinen Lichts.<\/p>\n<\/div>                <footer class=\"post-footer item-footer\">\n                    <div class=\"more-btn\">\n                        <a class=\"read-more-btn button cs-btn-underline\" href=\"https:\/\/www.alpenfriede.it\/it\/room\/lumina\/\">\n                            <span>Mehr ansehen<\/span>\n                        <\/a>\n                    <\/div>\n                <\/footer>        <\/div>\n    <\/div>\n\n    <div class=\"post cs-room-item has-post-thumbnail hide\">            <div class=\"featured-img\">\n                <a href=\"https:\/\/www.alpenfriede.it\/it\/room\/premier-garden-suite\/\" aria-label=\"Room Featured Image\"><img loading=\"lazy\" decoding=\"async\" width=\"780\" height=\"524\" src=\"https:\/\/www.alpenfriede.it\/wp-content\/uploads\/2023\/05\/6-1-780x524.jpg\" class=\"attachment-cozystay_780x9999 size-cozystay_780x9999\" alt=\"\" srcset=\"https:\/\/www.alpenfriede.it\/wp-content\/uploads\/2023\/05\/6-1-780x524.jpg 780w, https:\/\/www.alpenfriede.it\/wp-content\/uploads\/2023\/05\/6-1-300x202.jpg 300w, https:\/\/www.alpenfriede.it\/wp-content\/uploads\/2023\/05\/6-1-1024x688.jpg 1024w, https:\/\/www.alpenfriede.it\/wp-content\/uploads\/2023\/05\/6-1-768x516.jpg 768w, https:\/\/www.alpenfriede.it\/wp-content\/uploads\/2023\/05\/6-1-1536x1032.jpg 1536w, https:\/\/www.alpenfriede.it\/wp-content\/uploads\/2023\/05\/6-1-2048x1376.jpg 2048w, https:\/\/www.alpenfriede.it\/wp-content\/uploads\/2023\/05\/6-1-1920x1290.jpg 1920w, https:\/\/www.alpenfriede.it\/wp-content\/uploads\/2023\/05\/6-1-1440x968.jpg 1440w, https:\/\/www.alpenfriede.it\/wp-content\/uploads\/2023\/05\/6-1-1200x807.jpg 1200w, https:\/\/www.alpenfriede.it\/wp-content\/uploads\/2023\/05\/6-1-600x403.jpg 600w, https:\/\/www.alpenfriede.it\/wp-content\/uploads\/2023\/05\/6-1-550x370.jpg 550w, https:\/\/www.alpenfriede.it\/wp-content\/uploads\/2023\/05\/6-1-370x249.jpg 370w, https:\/\/www.alpenfriede.it\/wp-content\/uploads\/2023\/05\/6-1-255x171.jpg 255w\" sizes=\"(max-width: 780px) 100vw, 780px\" \/>                <\/a>            <\/div>\n        <div class=\"post-content cs-room-content\">\n            <header class=\"post-header item-header\">                <h2 class=\"post-title item-title\">\n                    <a href=\"https:\/\/www.alpenfriede.it\/it\/room\/premier-garden-suite\/\">Larix<\/a>\n                <\/h2>            <div class=\"cs-room-basic-info\">\n                <ul>                        <li>\n                            <div class=\"csrbi-icon\"><i class=\"flaticon flaticon-maximize\"><\/i><\/div>                            <span class=\"csrbi-text\">30 m<sup>2<\/sup><\/span>                        <\/li>                        <li>\n                            <div class=\"csrbi-icon\"><i class=\"flaticon flaticon-user-2\"><\/i><\/div>                            <span class=\"csrbi-text\">3 G\u00e4ste<\/span>                        <\/li>                        <li>\n                            <div class=\"csrbi-icon\"><i class=\"flaticon flaticon-bed-6\"><\/i><\/div>                            <span class=\"csrbi-text\">1 Doppelbett 1 Einzelbett<\/span>                        <\/li>                <\/ul>\n            <\/div>            <\/header>                <div class=\"post-excerpt item-excerpt\"><p>Verwurzelt in den L\u00e4rchen- und Zirbenw\u00e4ldern des Tales. Larix verbindet alpine Tradition mit warmem Wohngef\u00fchl und nat\u00fcrlicher Geborgenheit.<\/p>\n<\/div>                <footer class=\"post-footer item-footer\">\n                    <div class=\"more-btn\">\n                        <a class=\"read-more-btn button cs-btn-underline\" href=\"https:\/\/www.alpenfriede.it\/it\/room\/premier-garden-suite\/\">\n                            <span>Mehr ansehen<\/span>\n                        <\/a>\n                    <\/div>\n                <\/footer>        <\/div>\n    <\/div>\n                        <\/div>                    <\/div>\t\t\t\t<\/div>\n\t\t\t\t<\/div>\n\t\t\t\t\t<\/div>\n\t\t<\/div>\n\t\t\t\t\t<\/div>\n\t\t<\/section>\n\t\t\t\t<section class=\"elementor-section elementor-top-section elementor-element elementor-element-994ccb6 elementor-section-content-bottom elementor-section-boxed elementor-section-height-default elementor-section-height-default\" data-id=\"994ccb6\" data-element_type=\"section\" data-e-type=\"section\" data-settings=\"{&quot;background_background&quot;:&quot;classic&quot;}\">\n\t\t\t\t\t\t<div class=\"elementor-container elementor-column-gap-no\">\n\t\t\t\t\t<div class=\"elementor-column elementor-col-66 elementor-top-column elementor-element elementor-element-18f0749\" data-id=\"18f0749\" data-element_type=\"column\" data-e-type=\"column\">\n\t\t\t<div class=\"elementor-widget-wrap elementor-element-populated\">\n\t\t\t\t\t\t<div class=\"elementor-element elementor-element-958ed81 elementor-widget elementor-widget-cs_title\" data-id=\"958ed81\" data-element_type=\"widget\" data-e-type=\"widget\" data-widget_type=\"cs_title.default\">\n\t\t\t\t<div class=\"elementor-widget-container\">\n\t\t\t\t\t\n        <div class=\"cs-title-wrap text-center-mobile\">\t            <h3 class=\"cs-title\">\n\t                Unsere Zimmer\t            <\/h3>        <\/div>\t\t\t\t<\/div>\n\t\t\t\t<\/div>\n\t\t\t\t\t<\/div>\n\t\t<\/div>\n\t\t\t\t<div class=\"elementor-column elementor-col-33 elementor-top-column elementor-element elementor-element-f37890c\" data-id=\"f37890c\" data-element_type=\"column\" data-e-type=\"column\">\n\t\t\t<div class=\"elementor-widget-wrap elementor-element-populated\">\n\t\t\t\t\t\t<div class=\"elementor-element elementor-element-7e3ed3c elementor-align-right elementor-mobile-align-center elementor-widget elementor-widget-cs_button\" data-id=\"7e3ed3c\" data-element_type=\"widget\" data-e-type=\"widget\" data-widget_type=\"cs_button.default\">\n\t\t\t\t<div class=\"elementor-widget-container\">\n\t\t\t\t\t        <a href=\"https:\/\/www.alpenfriede.it\/zimmer\/\" class=\"elementor-button-link button\" role=\"button\">\n            <span class=\"cs-btn-text\">Zimmer ansehen<\/span>        <\/a>\t\t\t\t<\/div>\n\t\t\t\t<\/div>\n\t\t\t\t\t<\/div>\n\t\t<\/div>\n\t\t\t\t\t<\/div>\n\t\t<\/section>\n\t\t\t\t<section class=\"elementor-section elementor-top-section elementor-element elementor-element-4601dc1 elementor-section-boxed elementor-section-height-default elementor-section-height-default\" data-id=\"4601dc1\" data-element_type=\"section\" data-e-type=\"section\" data-settings=\"{&quot;background_background&quot;:&quot;classic&quot;}\">\n\t\t\t\t\t\t<div class=\"elementor-container elementor-column-gap-no\">\n\t\t\t\t\t<div class=\"elementor-column elementor-col-100 elementor-top-column elementor-element elementor-element-672bd3e\" data-id=\"672bd3e\" data-element_type=\"column\" data-e-type=\"column\">\n\t\t\t<div class=\"elementor-widget-wrap elementor-element-populated\">\n\t\t\t\t\t\t<div class=\"elementor-element elementor-element-d71710a elementor-widget elementor-widget-cs_rooms\" data-id=\"d71710a\" data-element_type=\"widget\" data-e-type=\"widget\" data-widget_type=\"cs_rooms.default\">\n\t\t\t\t<div class=\"elementor-widget-container\">\n\t\t\t\t\t                    <div class=\"posts cs-rooms cs-rooms-carousel layout-grid slider-arrows-overlap column-3 img-ratio-1-1\" data-loop=\"on\" data-autoplay=\"\" data-autoplay-speed=\"\" data-show-arrows=\"on\" data-show-dots=\"on\" data-column=\"3\">\n                        <div class=\"posts-wrapper cs-rooms-wrapper\">\n    <div class=\"post cs-room-item has-post-thumbnail\">            <div class=\"featured-img\">\n                <a href=\"https:\/\/www.alpenfriede.it\/it\/room\/alpina\/\" aria-label=\"Room Featured Image\"><img loading=\"lazy\" decoding=\"async\" width=\"780\" height=\"525\" src=\"https:\/\/www.alpenfriede.it\/wp-content\/uploads\/2023\/05\/7-780x525.jpg\" class=\"attachment-cozystay_780x9999 size-cozystay_780x9999\" alt=\"\" srcset=\"https:\/\/www.alpenfriede.it\/wp-content\/uploads\/2023\/05\/7-780x525.jpg 780w, https:\/\/www.alpenfriede.it\/wp-content\/uploads\/2023\/05\/7-300x202.jpg 300w, https:\/\/www.alpenfriede.it\/wp-content\/uploads\/2023\/05\/7-1024x689.jpg 1024w, https:\/\/www.alpenfriede.it\/wp-content\/uploads\/2023\/05\/7-768x517.jpg 768w, https:\/\/www.alpenfriede.it\/wp-content\/uploads\/2023\/05\/7-1536x1034.jpg 1536w, https:\/\/www.alpenfriede.it\/wp-content\/uploads\/2023\/05\/7-2048x1378.jpg 2048w, https:\/\/www.alpenfriede.it\/wp-content\/uploads\/2023\/05\/7-1920x1292.jpg 1920w, https:\/\/www.alpenfriede.it\/wp-content\/uploads\/2023\/05\/7-1440x969.jpg 1440w, https:\/\/www.alpenfriede.it\/wp-content\/uploads\/2023\/05\/7-1200x808.jpg 1200w, https:\/\/www.alpenfriede.it\/wp-content\/uploads\/2023\/05\/7-600x404.jpg 600w, https:\/\/www.alpenfriede.it\/wp-content\/uploads\/2023\/05\/7-550x370.jpg 550w, https:\/\/www.alpenfriede.it\/wp-content\/uploads\/2023\/05\/7-370x249.jpg 370w, https:\/\/www.alpenfriede.it\/wp-content\/uploads\/2023\/05\/7-255x172.jpg 255w\" sizes=\"(max-width: 780px) 100vw, 780px\" \/>                <\/a>            <\/div>\n        <div class=\"post-content cs-room-content\">\n            <header class=\"post-header item-header\">                <h2 class=\"post-title item-title\">\n                    <a href=\"https:\/\/www.alpenfriede.it\/it\/room\/alpina\/\">Alpina<\/a>\n                <\/h2>            <div class=\"cs-room-basic-info\">\n                <ul>                        <li>\n                            <div class=\"csrbi-icon\"><i class=\"flaticon flaticon-user-2\"><\/i><\/div>                            <span class=\"csrbi-text\">2 G\u00e4ste<\/span>                        <\/li>                        <li>\n                            <div class=\"csrbi-icon\"><i class=\"flaticon flaticon-bed-6\"><\/i><\/div>                            <span class=\"csrbi-text\">1 Doppelbett<\/span>                        <\/li>                        <li>\n                            <div class=\"csrbi-icon\"><i class=\"flaticon flaticon-bathing\"><\/i><\/div>                            <span class=\"csrbi-text\">1 Badezimmer<\/span>                        <\/li>                <\/ul>\n            <\/div>            <\/header>                <div class=\"post-excerpt item-excerpt\"><p>Ein zeitloser Name f\u00fcr ein Apartment im Herzen der \u00d6tztaler Alpen. Alpina steht f\u00fcr Ruhe, Weite und das Gef\u00fchl, mitten in einer beeindruckenden Hochgebirgslandschaft anzukommen.<\/p>\n<\/div>                <footer class=\"post-footer item-footer\">\n                    <div class=\"more-btn\">\n                        <a class=\"read-more-btn button cs-btn-underline\" href=\"https:\/\/www.alpenfriede.it\/it\/room\/alpina\/\">\n                            <span>Mehr ansehen<\/span>\n                        <\/a>\n                    <\/div>\n                <\/footer>        <\/div>\n    <\/div>\n\n    <div class=\"post cs-room-item has-post-thumbnail\">            <div class=\"featured-img\">\n                <a href=\"https:\/\/www.alpenfriede.it\/it\/room\/crocina\/\" aria-label=\"Room Featured Image\"><img loading=\"lazy\" decoding=\"async\" width=\"780\" height=\"665\" src=\"https:\/\/www.alpenfriede.it\/wp-content\/uploads\/2023\/05\/7-B-1-780x665.jpg\" class=\"attachment-cozystay_780x9999 size-cozystay_780x9999\" alt=\"\" srcset=\"https:\/\/www.alpenfriede.it\/wp-content\/uploads\/2023\/05\/7-B-1-780x665.jpg 780w, https:\/\/www.alpenfriede.it\/wp-content\/uploads\/2023\/05\/7-B-1-300x256.jpg 300w, https:\/\/www.alpenfriede.it\/wp-content\/uploads\/2023\/05\/7-B-1-1024x873.jpg 1024w, https:\/\/www.alpenfriede.it\/wp-content\/uploads\/2023\/05\/7-B-1-768x655.jpg 768w, https:\/\/www.alpenfriede.it\/wp-content\/uploads\/2023\/05\/7-B-1-1536x1310.jpg 1536w, https:\/\/www.alpenfriede.it\/wp-content\/uploads\/2023\/05\/7-B-1-2048x1747.jpg 2048w, https:\/\/www.alpenfriede.it\/wp-content\/uploads\/2023\/05\/7-B-1-1920x1638.jpg 1920w, https:\/\/www.alpenfriede.it\/wp-content\/uploads\/2023\/05\/7-B-1-1440x1228.jpg 1440w, https:\/\/www.alpenfriede.it\/wp-content\/uploads\/2023\/05\/7-B-1-1200x1024.jpg 1200w, https:\/\/www.alpenfriede.it\/wp-content\/uploads\/2023\/05\/7-B-1-600x512.jpg 600w, https:\/\/www.alpenfriede.it\/wp-content\/uploads\/2023\/05\/7-B-1-550x469.jpg 550w, https:\/\/www.alpenfriede.it\/wp-content\/uploads\/2023\/05\/7-B-1-370x316.jpg 370w, https:\/\/www.alpenfriede.it\/wp-content\/uploads\/2023\/05\/7-B-1-255x217.jpg 255w\" sizes=\"(max-width: 780px) 100vw, 780px\" \/>                <\/a>            <\/div>\n        <div class=\"post-content cs-room-content\">\n            <header class=\"post-header item-header\">                <h2 class=\"post-title item-title\">\n                    <a href=\"https:\/\/www.alpenfriede.it\/it\/room\/crocina\/\">Crocina<\/a>\n                <\/h2>            <div class=\"cs-room-basic-info\">\n                <ul>                        <li>\n                            <div class=\"csrbi-icon\"><i class=\"flaticon flaticon-user-2\"><\/i><\/div>                            <span class=\"csrbi-text\">2 G\u00e4ste<\/span>                        <\/li>                        <li>\n                            <div class=\"csrbi-icon\"><i class=\"flaticon flaticon-bed-6\"><\/i><\/div>                            <span class=\"csrbi-text\">1 Doppelbett<\/span>                        <\/li>                        <li>\n                            <div class=\"csrbi-icon\"><i class=\"flaticon flaticon-bathing\"><\/i><\/div>                            <span class=\"csrbi-text\">1 Badezimmer<\/span>                        <\/li>                <\/ul>\n            <\/div>            <\/header>                <div class=\"post-excerpt item-excerpt\"><p>Inspiriert vom ber\u00fchmten Krokusbl\u00fctenmeer im Fr\u00fchling. Crocina bringt Leichtigkeit, Farbe und die besondere Lebendigkeit der erwachenden Natur ins Haus.<\/p>\n<\/div>                <footer class=\"post-footer item-footer\">\n                    <div class=\"more-btn\">\n                        <a class=\"read-more-btn button cs-btn-underline\" href=\"https:\/\/www.alpenfriede.it\/it\/room\/crocina\/\">\n                            <span>Mehr ansehen<\/span>\n                        <\/a>\n                    <\/div>\n                <\/footer>        <\/div>\n    <\/div>\n                        <\/div>                    <\/div>\t\t\t\t<\/div>\n\t\t\t\t<\/div>\n\t\t\t\t\t<\/div>\n\t\t<\/div>\n\t\t\t\t\t<\/div>\n\t\t<\/section>\n\t\t\t\t<section class=\"elementor-section elementor-top-section elementor-element elementor-element-69b9a5c cs_scroll_y_100 cs-section-content-fullwidth cs-parallax-on-scroll elementor-section-boxed elementor-section-height-default elementor-section-height-default\" data-id=\"69b9a5c\" data-element_type=\"section\" data-e-type=\"section\" data-settings=\"{&quot;background_background&quot;:&quot;classic&quot;}\" data-cs-parallax-y=\"100\">\n\t\t\t\t\t\t\t<div class=\"elementor-background-overlay\"><\/div>\n\t\t\t\t\t\t\t<div class=\"elementor-container elementor-column-gap-no\">\n\t\t\t\t\t<div class=\"elementor-column elementor-col-100 elementor-top-column elementor-element elementor-element-71e3dee dark-color\" data-id=\"71e3dee\" data-element_type=\"column\" data-e-type=\"column\">\n\t\t\t<div class=\"elementor-widget-wrap elementor-element-populated\">\n\t\t\t\t\t\t<div class=\"elementor-element elementor-element-546175f elementor-view-default elementor-widget elementor-widget-icon\" data-id=\"546175f\" data-element_type=\"widget\" data-e-type=\"widget\" data-widget_type=\"icon.default\">\n\t\t\t\t\t\t\t<div class=\"elementor-icon-wrapper\">\n\t\t\t<div class=\"elementor-icon\">\n\t\t\t<i aria-hidden=\"true\" class=\"flaticon flaticon-spa\"><\/i>\t\t\t<\/div>\n\t\t<\/div>\n\t\t\t\t\t\t<\/div>\n\t\t\t\t<div class=\"elementor-element elementor-element-763030e0 elementor-widget elementor-widget-cs_title\" data-id=\"763030e0\" data-element_type=\"widget\" data-e-type=\"widget\" data-widget_type=\"cs_title.default\">\n\t\t\t\t<div class=\"elementor-widget-container\">\n\t\t\t\t\t\n        <div class=\"cs-title-wrap text-center\">\t            <div class=\"cs-subtitle-wrap\"><span class=\"cs-subtitle color-white\">Entspannen und Genie\u00dfen<\/span><\/div>\t            <h2 class=\"cs-title\">\n\t                Ihr Wohlf\u00fchlangebot\t            <\/h2>        <\/div>\t\t\t\t<\/div>\n\t\t\t\t<\/div>\n\t\t\t\t\t<\/div>\n\t\t<\/div>\n\t\t\t\t\t<\/div>\n\t\t<\/section>\n\t\t\t\t<section class=\"elementor-section elementor-top-section elementor-element elementor-element-855ef3d cs-section-content-fullwidth cs-animation-small-offset elementor-section-boxed elementor-section-height-default elementor-section-height-default elementor-invisible\" data-id=\"855ef3d\" data-element_type=\"section\" data-e-type=\"section\" data-settings=\"{&quot;animation&quot;:&quot;fadeInUp&quot;}\">\n\t\t\t\t\t\t<div class=\"elementor-container elementor-column-gap-no\">\n\t\t\t\t\t<div class=\"elementor-column elementor-col-33 elementor-top-column elementor-element elementor-element-27e92919\" data-id=\"27e92919\" data-element_type=\"column\" data-e-type=\"column\">\n\t\t\t<div class=\"elementor-widget-wrap elementor-element-populated\">\n\t\t\t\t\t\t<div class=\"elementor-element elementor-element-226b7ebe elementor-widget elementor-widget-cs_call_to_action\" data-id=\"226b7ebe\" data-element_type=\"widget\" data-e-type=\"widget\" data-widget_type=\"cs_call_to_action.default\">\n\t\t\t\t<div class=\"elementor-widget-container\">\n\t\t\t\t\t\n\t\t<div class=\"cs-cta cta-layout-text-normal img-offset-border text-center cta-hover-img-zoom\">\n            <div class=\"cs-cta-wrap\">\t\t                <div class=\"cs-cta-img-wrap\">\n\t\t\t\t\t        <div class=\"cs-cta-img\">\n\t\t\t\t\t            <img loading=\"lazy\" decoding=\"async\" width=\"600\" height=\"900\" src=\"https:\/\/www.alpenfriede.it\/wp-content\/uploads\/2026\/03\/Sauna-Hochkant1-600x900.jpg\" class=\"attachment-cozystay_600x9999 size-cozystay_600x9999 wp-image-2482\" alt=\"\" srcset=\"https:\/\/www.alpenfriede.it\/wp-content\/uploads\/2026\/03\/Sauna-Hochkant1-600x900.jpg 600w, https:\/\/www.alpenfriede.it\/wp-content\/uploads\/2026\/03\/Sauna-Hochkant1-200x300.jpg 200w, https:\/\/www.alpenfriede.it\/wp-content\/uploads\/2026\/03\/Sauna-Hochkant1-683x1024.jpg 683w, https:\/\/www.alpenfriede.it\/wp-content\/uploads\/2026\/03\/Sauna-Hochkant1-768x1152.jpg 768w, https:\/\/www.alpenfriede.it\/wp-content\/uploads\/2026\/03\/Sauna-Hochkant1-780x1170.jpg 780w, https:\/\/www.alpenfriede.it\/wp-content\/uploads\/2026\/03\/Sauna-Hochkant1-550x825.jpg 550w, https:\/\/www.alpenfriede.it\/wp-content\/uploads\/2026\/03\/Sauna-Hochkant1-370x555.jpg 370w, https:\/\/www.alpenfriede.it\/wp-content\/uploads\/2026\/03\/Sauna-Hochkant1-255x383.jpg 255w, https:\/\/www.alpenfriede.it\/wp-content\/uploads\/2026\/03\/Sauna-Hochkant1.jpg 1024w\" sizes=\"(max-width: 600px) 100vw, 600px\" \/>\t\t\t\t\t        <\/div>\n\t\t\t\t\t        <div class=\"cs-offset-border\"><\/div>\n\t\t\t\t\t\t<\/div>                <div class=\"cs-cta-overlay\"><\/div>\n                <div class=\"cs-cta-content\">\t\t            <h5 class=\"cs-cta-title cs-title\">\n\t\t                Spa &amp; Wellness\t\t            <\/h5>\t\t            <div class=\"cs-cta-text\">\n\t\t                <p>Zum Abschalten und Wohlf\u00fchlen &#8211; Sauna, Dampfbad, Whirlpool und entspannende Anwendungen sorgen f\u00fcr pure Erholung<\/p>\t\t            <\/div>\t\t\t<\/div>            <\/div>\n        <\/div>\t\t\t\t<\/div>\n\t\t\t\t<\/div>\n\t\t\t\t\t<\/div>\n\t\t<\/div>\n\t\t\t\t<div class=\"elementor-column elementor-col-33 elementor-top-column elementor-element elementor-element-2afe3239\" data-id=\"2afe3239\" data-element_type=\"column\" data-e-type=\"column\">\n\t\t\t<div class=\"elementor-widget-wrap elementor-element-populated\">\n\t\t\t\t\t\t<div class=\"elementor-element elementor-element-2985f6f7 elementor-widget elementor-widget-cs_call_to_action\" data-id=\"2985f6f7\" data-element_type=\"widget\" data-e-type=\"widget\" data-widget_type=\"cs_call_to_action.default\">\n\t\t\t\t<div class=\"elementor-widget-container\">\n\t\t\t\t\t\n\t\t<div class=\"cs-cta cta-layout-text-normal img-offset-border text-center cta-hover-img-zoom\">\n            <div class=\"cs-cta-wrap\">\t\t                <div class=\"cs-cta-img-wrap\">\n\t\t\t\t\t        <div class=\"cs-cta-img\">\n\t\t\t\t\t            <img loading=\"lazy\" decoding=\"async\" width=\"600\" height=\"900\" src=\"https:\/\/www.alpenfriede.it\/wp-content\/uploads\/2026\/03\/nikkishuphotography-spritz-3925029_1280-600x900.jpg\" class=\"attachment-cozystay_600x9999 size-cozystay_600x9999 wp-image-2485\" alt=\"\" srcset=\"https:\/\/www.alpenfriede.it\/wp-content\/uploads\/2026\/03\/nikkishuphotography-spritz-3925029_1280-600x900.jpg 600w, https:\/\/www.alpenfriede.it\/wp-content\/uploads\/2026\/03\/nikkishuphotography-spritz-3925029_1280-200x300.jpg 200w, https:\/\/www.alpenfriede.it\/wp-content\/uploads\/2026\/03\/nikkishuphotography-spritz-3925029_1280-682x1024.jpg 682w, https:\/\/www.alpenfriede.it\/wp-content\/uploads\/2026\/03\/nikkishuphotography-spritz-3925029_1280-768x1152.jpg 768w, https:\/\/www.alpenfriede.it\/wp-content\/uploads\/2026\/03\/nikkishuphotography-spritz-3925029_1280-780x1170.jpg 780w, https:\/\/www.alpenfriede.it\/wp-content\/uploads\/2026\/03\/nikkishuphotography-spritz-3925029_1280-550x825.jpg 550w, https:\/\/www.alpenfriede.it\/wp-content\/uploads\/2026\/03\/nikkishuphotography-spritz-3925029_1280-370x555.jpg 370w, https:\/\/www.alpenfriede.it\/wp-content\/uploads\/2026\/03\/nikkishuphotography-spritz-3925029_1280-255x383.jpg 255w, https:\/\/www.alpenfriede.it\/wp-content\/uploads\/2026\/03\/nikkishuphotography-spritz-3925029_1280.jpg 853w\" sizes=\"(max-width: 600px) 100vw, 600px\" \/>\t\t\t\t\t        <\/div>\n\t\t\t\t\t        <div class=\"cs-offset-border\"><\/div>\n\t\t\t\t\t\t<\/div>                <div class=\"cs-cta-overlay\"><\/div>\n                <div class=\"cs-cta-content\">\t\t            <h5 class=\"cs-cta-title cs-title\">\n\t\t                Bar\t\t            <\/h5>\t\t            <div class=\"cs-cta-text\">\n\t\t                <p>Unsere traditionelle Bar in Langtaufers ist ein Treffpunkt f\u00fcr Einheimische und G\u00e4ste &#8211; wir freuen uns auf Ihren Besuch<\/p>\t\t            <\/div>\t\t\t<\/div>            <\/div>\n        <\/div>\t\t\t\t<\/div>\n\t\t\t\t<\/div>\n\t\t\t\t\t<\/div>\n\t\t<\/div>\n\t\t\t\t<div class=\"elementor-column elementor-col-33 elementor-top-column elementor-element elementor-element-6cc00339\" data-id=\"6cc00339\" data-element_type=\"column\" data-e-type=\"column\">\n\t\t\t<div class=\"elementor-widget-wrap elementor-element-populated\">\n\t\t\t\t\t\t<div class=\"elementor-element elementor-element-7ed2d229 elementor-widget elementor-widget-cs_call_to_action\" data-id=\"7ed2d229\" data-element_type=\"widget\" data-e-type=\"widget\" data-widget_type=\"cs_call_to_action.default\">\n\t\t\t\t<div class=\"elementor-widget-container\">\n\t\t\t\t\t\n\t\t<div class=\"cs-cta cta-layout-text-normal img-offset-border text-center cta-hover-img-zoom\">\n            <div class=\"cs-cta-wrap\">\t\t                <div class=\"cs-cta-img-wrap\">\n\t\t\t\t\t        <div class=\"cs-cta-img\">\n\t\t\t\t\t            <img loading=\"lazy\" decoding=\"async\" width=\"600\" height=\"900\" src=\"https:\/\/www.alpenfriede.it\/wp-content\/uploads\/2026\/03\/markusspiske-cover-1764226-600x900.jpg\" class=\"attachment-cozystay_600x9999 size-cozystay_600x9999 wp-image-2484\" alt=\"\" srcset=\"https:\/\/www.alpenfriede.it\/wp-content\/uploads\/2026\/03\/markusspiske-cover-1764226-600x900.jpg 600w, https:\/\/www.alpenfriede.it\/wp-content\/uploads\/2026\/03\/markusspiske-cover-1764226-200x300.jpg 200w, https:\/\/www.alpenfriede.it\/wp-content\/uploads\/2026\/03\/markusspiske-cover-1764226-683x1024.jpg 683w, https:\/\/www.alpenfriede.it\/wp-content\/uploads\/2026\/03\/markusspiske-cover-1764226-768x1152.jpg 768w, https:\/\/www.alpenfriede.it\/wp-content\/uploads\/2026\/03\/markusspiske-cover-1764226-1024x1536.jpg 1024w, https:\/\/www.alpenfriede.it\/wp-content\/uploads\/2026\/03\/markusspiske-cover-1764226-1365x2048.jpg 1365w, https:\/\/www.alpenfriede.it\/wp-content\/uploads\/2026\/03\/markusspiske-cover-1764226-1920x2880.jpg 1920w, https:\/\/www.alpenfriede.it\/wp-content\/uploads\/2026\/03\/markusspiske-cover-1764226-1440x2160.jpg 1440w, https:\/\/www.alpenfriede.it\/wp-content\/uploads\/2026\/03\/markusspiske-cover-1764226-1200x1800.jpg 1200w, https:\/\/www.alpenfriede.it\/wp-content\/uploads\/2026\/03\/markusspiske-cover-1764226-780x1170.jpg 780w, https:\/\/www.alpenfriede.it\/wp-content\/uploads\/2026\/03\/markusspiske-cover-1764226-550x825.jpg 550w, https:\/\/www.alpenfriede.it\/wp-content\/uploads\/2026\/03\/markusspiske-cover-1764226-370x555.jpg 370w, https:\/\/www.alpenfriede.it\/wp-content\/uploads\/2026\/03\/markusspiske-cover-1764226-255x383.jpg 255w, https:\/\/www.alpenfriede.it\/wp-content\/uploads\/2026\/03\/markusspiske-cover-1764226-scaled.jpg 1707w\" sizes=\"(max-width: 600px) 100vw, 600px\" \/>\t\t\t\t\t        <\/div>\n\t\t\t\t\t        <div class=\"cs-offset-border\"><\/div>\n\t\t\t\t\t\t<\/div>                <div class=\"cs-cta-overlay\"><\/div>\n                <div class=\"cs-cta-content\">\t\t            <h5 class=\"cs-cta-title cs-title\">\n\t\t                Restaurant\t\t            <\/h5>\t\t            <div class=\"cs-cta-text\">\n\t\t                <p>Genie\u00dfen Sie regionale Spezialit\u00e4ten und einfache, gute K\u00fcche in gem\u00fctlicher Atmosph\u00e4re. Wir sind t\u00e4glich durchgehend bis 19:30 Uhr f\u00fcr Sie da. <br \/>Ab September bleibt unser Restaurant jeweils mittwochs und donnerstags geschlossen.<\/p>\t\t            <\/div>\t\t\t<\/div>            <\/div>\n        <\/div>\t\t\t\t<\/div>\n\t\t\t\t<\/div>\n\t\t\t\t\t<\/div>\n\t\t<\/div>\n\t\t\t\t\t<\/div>\n\t\t<\/section>\n\t\t\t\t<section class=\"elementor-section elementor-top-section elementor-element elementor-element-fcb733a cs_scroll_y_80 cs-section-content-fullwidth cs-parallax-on-scroll elementor-section-boxed elementor-section-height-default elementor-section-height-default\" data-id=\"fcb733a\" data-element_type=\"section\" data-e-type=\"section\" data-settings=\"{&quot;background_background&quot;:&quot;classic&quot;}\" data-cs-parallax-y=\"80\" style=\"background-image: none;\" data-cs-background-image=\"https:\/\/www.alpenfriede.it\/wp-content\/uploads\/2026\/04\/6-scaled.jpg\" data-cs-background-image-alt-text=\"\">\n\t\t\t\t\t\t\t<div class=\"elementor-background-overlay\"><\/div>\n\t\t\t\t\t\t\t<div class=\"elementor-container elementor-column-gap-no\">\n\t\t\t\t\t<div class=\"elementor-column elementor-col-100 elementor-top-column elementor-element elementor-element-be31ebc dark-color\" data-id=\"be31ebc\" data-element_type=\"column\" data-e-type=\"column\">\n\t\t\t<div class=\"elementor-widget-wrap elementor-element-populated\">\n\t\t\t\t\t\t<div class=\"elementor-element elementor-element-c934786 elementor-view-default elementor-widget elementor-widget-icon\" data-id=\"c934786\" data-element_type=\"widget\" data-e-type=\"widget\" data-widget_type=\"icon.default\">\n\t\t\t\t\t\t\t<div class=\"elementor-icon-wrapper\">\n\t\t\t<div class=\"elementor-icon\">\n\t\t\t<i aria-hidden=\"true\" class=\"flaticon flaticon-breakfast-3\"><\/i>\t\t\t<\/div>\n\t\t<\/div>\n\t\t\t\t\t\t<\/div>\n\t\t\t\t<div class=\"elementor-element elementor-element-c7c9085 elementor-widget elementor-widget-cs_title\" data-id=\"c7c9085\" data-element_type=\"widget\" data-e-type=\"widget\" data-widget_type=\"cs_title.default\">\n\t\t\t\t<div class=\"elementor-widget-container\">\n\t\t\t\t\t\n        <div class=\"cs-title-wrap text-center\">\t            <div class=\"cs-subtitle-wrap\"><span class=\"cs-subtitle color-white\">Das sagen unsere G\u00e4ste<\/span><\/div>\t            <h6 class=\"cs-title\">\n\t                Wir waren heuer bereits zum 2. Mal f\u00fcr einige Tage bei den netten Wirtsleuten Silvia, Edith und Larissa. Es ist ein liebevoll, famili\u00e4r gef\u00fchrtes Hotel, in sehr sch\u00f6ner Lage, die Zimmer sehr sauber und ruhig, mit toller Aussicht. Das Essen stets ausgezeichnet, gro\u00dfe und schmackhafte Portionen. Das Fr\u00fchst\u00fccksbuffet reichhaltig, l\u00e4sst keine W\u00fcnsche offen, besonders lecker der frische Obstsalat.\nWir kommen gerne wieder!\t            <\/h6>\t            <div class=\"cs-title-text\">\n\t                <p>Wolfgang Massardi &#8211; Google<\/p>\t            <\/div>        <\/div>\t\t\t\t<\/div>\n\t\t\t\t<\/div>\n\t\t\t\t<div class=\"elementor-element elementor-element-40cb1ba elementor--star-style-star_unicode elementor-star-rating--align-center elementor-widget elementor-widget-star-rating\" data-id=\"40cb1ba\" data-element_type=\"widget\" data-e-type=\"widget\" data-widget_type=\"star-rating.default\">\n\t\t\t\t\t\t\t<div class=\"elementor-star-rating__wrapper\">\n\t\t\t\t\t\t<div class=\"elementor-star-rating\" itemtype=\"http:\/\/schema.org\/Rating\" itemscope=\"\" itemprop=\"reviewRating\">\n\t\t\t\t<i class=\"elementor-star-full\" aria-hidden=\"true\">&#9733;<\/i><i class=\"elementor-star-full\" aria-hidden=\"true\">&#9733;<\/i><i class=\"elementor-star-full\" aria-hidden=\"true\">&#9733;<\/i><i class=\"elementor-star-full\" aria-hidden=\"true\">&#9733;<\/i><i class=\"elementor-star-full\" aria-hidden=\"true\">&#9733;<\/i>\t\t\t\t<span itemprop=\"ratingValue\" class=\"elementor-screen-only\">Bewertet mit 5 von 5<\/span>\n\t\t\t<\/div>\n\t\t<\/div>\n\t\t\t\t\t\t<\/div>\n\t\t\t\t\t<\/div>\n\t\t<\/div>\n\t\t\t\t\t<\/div>\n\t\t<\/section>\n\t\t\t\t<section class=\"elementor-section elementor-top-section elementor-element elementor-element-40d3599 cs_scroll_y_100 cs-section-content-fullwidth cs-parallax-on-scroll elementor-section-boxed elementor-section-height-default elementor-section-height-default\" data-id=\"40d3599\" data-element_type=\"section\" data-e-type=\"section\" data-settings=\"{&quot;background_background&quot;:&quot;classic&quot;}\" data-cs-parallax-y=\"100\">\n\t\t\t\t\t\t\t<div class=\"elementor-background-overlay\"><\/div>\n\t\t\t\t\t\t\t<div class=\"elementor-container elementor-column-gap-no\">\n\t\t\t\t\t<div class=\"elementor-column elementor-col-100 elementor-top-column elementor-element elementor-element-325a43b dark-color\" data-id=\"325a43b\" data-element_type=\"column\" data-e-type=\"column\">\n\t\t\t<div class=\"elementor-widget-wrap elementor-element-populated\">\n\t\t\t\t\t\t<div class=\"elementor-element elementor-element-735f350 elementor-view-default elementor-widget elementor-widget-icon\" data-id=\"735f350\" data-element_type=\"widget\" data-e-type=\"widget\" data-widget_type=\"icon.default\">\n\t\t\t\t\t\t\t<div class=\"elementor-icon-wrapper\">\n\t\t\t<div class=\"elementor-icon\">\n\t\t\t<i aria-hidden=\"true\" class=\"flaticon flaticon-landscape-2\"><\/i>\t\t\t<\/div>\n\t\t<\/div>\n\t\t\t\t\t\t<\/div>\n\t\t\t\t<div class=\"elementor-element elementor-element-d96aa71 elementor-widget elementor-widget-cs_title\" data-id=\"d96aa71\" data-element_type=\"widget\" data-e-type=\"widget\" data-widget_type=\"cs_title.default\">\n\t\t\t\t<div class=\"elementor-widget-container\">\n\t\t\t\t\t\n        <div class=\"cs-title-wrap text-center\">\t            <div class=\"cs-subtitle-wrap\"><span class=\"cs-subtitle color-primary\">Berge, Ruhe & Abenteuer<\/span><\/div>        <\/div>\t\t\t\t<\/div>\n\t\t\t\t<\/div>\n\t\t\t\t\t<\/div>\n\t\t<\/div>\n\t\t\t\t\t<\/div>\n\t\t<\/section>\n\t\t<div class=\"elementor-element elementor-element-1c24e0a e-flex e-con-boxed e-con e-parent\" data-id=\"1c24e0a\" data-element_type=\"container\" data-e-type=\"container\">\n\t\t\t\t\t<div class=\"e-con-inner\">\n\t\t<div class=\"elementor-element elementor-element-86f84aa e-con-full e-flex e-con e-child\" data-id=\"86f84aa\" data-element_type=\"container\" data-e-type=\"container\">\n\t\t\t\t<div class=\"elementor-element elementor-element-c0754c3 elementor-widget elementor-widget-cs_title\" data-id=\"c0754c3\" data-element_type=\"widget\" data-e-type=\"widget\" data-widget_type=\"cs_title.default\">\n\t\t\t\t<div class=\"elementor-widget-container\">\n\t\t\t\t\t\n        <div class=\"cs-title-wrap text-center\">\t            <h5 class=\"cs-title\">\n\t                Langtaufers im Sommer\t            <\/h5>\t            <div class=\"cs-title-text\">\n\t                <p>Langtaufers zeigt sich im Sommer von seiner ruhigen, urspr\u00fcnglichen Seite: weite Almwiesen, klare Bergluft und beeindruckende Ausblicke auf die \u00d6tztaler Alpen. Zahlreiche Wander- und Bikewege f\u00fchren durch unber\u00fchrte Natur, vorbei an urigen H\u00fctten und glitzernden Bergseen &#8211; ideal f\u00fcr alle, die Erholung und Bewegung verbinden m\u00f6chten.<br \/><br \/><\/p>\t            <\/div>        <\/div>\t\t\t\t<\/div>\n\t\t\t\t<\/div>\n\t\t\t\t<div class=\"elementor-element elementor-element-ca9dac6 elementor-invisible elementor-widget elementor-widget-cs_image\" data-id=\"ca9dac6\" data-element_type=\"widget\" data-e-type=\"widget\" data-settings=\"{&quot;_animation&quot;:&quot;fadeIn&quot;}\" data-widget_type=\"cs_image.default\">\n\t\t\t\t<div class=\"elementor-widget-container\">\n\t\t\t\t\t                                        <img loading=\"lazy\" decoding=\"async\" width=\"550\" height=\"367\" src=\"https:\/\/www.alpenfriede.it\/wp-content\/uploads\/2026\/04\/\u00a9Sternwarte-Maseben_Sternenguides-1-550x367.jpg\" class=\"attachment-cozystay_550x9999 size-cozystay_550x9999 wp-image-2513\" alt=\"\" srcset=\"https:\/\/www.alpenfriede.it\/wp-content\/uploads\/2026\/04\/\u00a9Sternwarte-Maseben_Sternenguides-1-550x367.jpg 550w, https:\/\/www.alpenfriede.it\/wp-content\/uploads\/2026\/04\/\u00a9Sternwarte-Maseben_Sternenguides-1-300x200.jpg 300w, https:\/\/www.alpenfriede.it\/wp-content\/uploads\/2026\/04\/\u00a9Sternwarte-Maseben_Sternenguides-1-1024x683.jpg 1024w, https:\/\/www.alpenfriede.it\/wp-content\/uploads\/2026\/04\/\u00a9Sternwarte-Maseben_Sternenguides-1-768x512.jpg 768w, https:\/\/www.alpenfriede.it\/wp-content\/uploads\/2026\/04\/\u00a9Sternwarte-Maseben_Sternenguides-1-1536x1025.jpg 1536w, https:\/\/www.alpenfriede.it\/wp-content\/uploads\/2026\/04\/\u00a9Sternwarte-Maseben_Sternenguides-1-1920x1281.jpg 1920w, https:\/\/www.alpenfriede.it\/wp-content\/uploads\/2026\/04\/\u00a9Sternwarte-Maseben_Sternenguides-1-1440x960.jpg 1440w, https:\/\/www.alpenfriede.it\/wp-content\/uploads\/2026\/04\/\u00a9Sternwarte-Maseben_Sternenguides-1-1200x800.jpg 1200w, https:\/\/www.alpenfriede.it\/wp-content\/uploads\/2026\/04\/\u00a9Sternwarte-Maseben_Sternenguides-1-780x520.jpg 780w, https:\/\/www.alpenfriede.it\/wp-content\/uploads\/2026\/04\/\u00a9Sternwarte-Maseben_Sternenguides-1-600x400.jpg 600w, https:\/\/www.alpenfriede.it\/wp-content\/uploads\/2026\/04\/\u00a9Sternwarte-Maseben_Sternenguides-1-370x247.jpg 370w, https:\/\/www.alpenfriede.it\/wp-content\/uploads\/2026\/04\/\u00a9Sternwarte-Maseben_Sternenguides-1-255x170.jpg 255w, https:\/\/www.alpenfriede.it\/wp-content\/uploads\/2026\/04\/\u00a9Sternwarte-Maseben_Sternenguides-1.jpg 2000w\" sizes=\"(max-width: 550px) 100vw, 550px\" \/>                                            \t\t\t\t<\/div>\n\t\t\t\t<\/div>\n\t\t\t\t<\/div>\n\t\t<div class=\"elementor-element elementor-element-dd80d0d e-con-full e-flex e-con e-child\" data-id=\"dd80d0d\" data-element_type=\"container\" data-e-type=\"container\">\n\t\t\t\t<div class=\"elementor-element elementor-element-31ad5cf elementor-widget elementor-widget-cs_title\" data-id=\"31ad5cf\" data-element_type=\"widget\" data-e-type=\"widget\" data-widget_type=\"cs_title.default\">\n\t\t\t\t<div class=\"elementor-widget-container\">\n\t\t\t\t\t\n        <div class=\"cs-title-wrap text-center\">\t            <h5 class=\"cs-title\">\n\t                Langtaufers im Winter\t            <\/h5>\t            <div class=\"cs-title-text\">\n\t                <p>Im Winter verwandelt sich Langtaufers in ein stilles, idyllisches Schneeparadies. Abseits des Trubels genie\u00dfen Besucher Skitouren,\u00a0 Schneeschuhwanderungen und famili\u00e4res Skifahren in einer traumhaften, unber\u00fchrten Landschaft. Die verschneiten Berge und die klare Winterluft machen das Tal zu einem perfekten R\u00fcckzugsort f\u00fcr Naturliebhaber.<br \/><br \/><\/p>\t            <\/div>        <\/div>\t\t\t\t<\/div>\n\t\t\t\t<\/div>\n\t\t\t\t<div class=\"elementor-element elementor-element-cf775ac elementor-invisible elementor-widget elementor-widget-cs_image\" data-id=\"cf775ac\" data-element_type=\"widget\" data-e-type=\"widget\" data-settings=\"{&quot;_animation&quot;:&quot;fadeIn&quot;}\" data-widget_type=\"cs_image.default\">\n\t\t\t\t<div class=\"elementor-widget-container\">\n\t\t\t\t\t                                        <img loading=\"lazy\" decoding=\"async\" width=\"550\" height=\"367\" src=\"https:\/\/www.alpenfriede.it\/wp-content\/uploads\/2026\/04\/\u00a9IDM-Suedtirol_Frieder-Blickle_Winter_Maseben-25-550x367.jpg\" class=\"attachment-cozystay_550x9999 size-cozystay_550x9999 wp-image-2514\" alt=\"\" srcset=\"https:\/\/www.alpenfriede.it\/wp-content\/uploads\/2026\/04\/\u00a9IDM-Suedtirol_Frieder-Blickle_Winter_Maseben-25-550x367.jpg 550w, https:\/\/www.alpenfriede.it\/wp-content\/uploads\/2026\/04\/\u00a9IDM-Suedtirol_Frieder-Blickle_Winter_Maseben-25-300x200.jpg 300w, https:\/\/www.alpenfriede.it\/wp-content\/uploads\/2026\/04\/\u00a9IDM-Suedtirol_Frieder-Blickle_Winter_Maseben-25-1024x683.jpg 1024w, https:\/\/www.alpenfriede.it\/wp-content\/uploads\/2026\/04\/\u00a9IDM-Suedtirol_Frieder-Blickle_Winter_Maseben-25-768x512.jpg 768w, https:\/\/www.alpenfriede.it\/wp-content\/uploads\/2026\/04\/\u00a9IDM-Suedtirol_Frieder-Blickle_Winter_Maseben-25-1200x800.jpg 1200w, https:\/\/www.alpenfriede.it\/wp-content\/uploads\/2026\/04\/\u00a9IDM-Suedtirol_Frieder-Blickle_Winter_Maseben-25-780x520.jpg 780w, https:\/\/www.alpenfriede.it\/wp-content\/uploads\/2026\/04\/\u00a9IDM-Suedtirol_Frieder-Blickle_Winter_Maseben-25-600x400.jpg 600w, https:\/\/www.alpenfriede.it\/wp-content\/uploads\/2026\/04\/\u00a9IDM-Suedtirol_Frieder-Blickle_Winter_Maseben-25-370x247.jpg 370w, https:\/\/www.alpenfriede.it\/wp-content\/uploads\/2026\/04\/\u00a9IDM-Suedtirol_Frieder-Blickle_Winter_Maseben-25-255x170.jpg 255w, https:\/\/www.alpenfriede.it\/wp-content\/uploads\/2026\/04\/\u00a9IDM-Suedtirol_Frieder-Blickle_Winter_Maseben-25.jpg 1348w\" sizes=\"(max-width: 550px) 100vw, 550px\" \/>                                            \t\t\t\t<\/div>\n\t\t\t\t<\/div>\n\t\t\t\t<\/div>\n\t\t\t\t\t<\/div>\n\t\t\t\t<\/div>\n\t\t<div class=\"elementor-element elementor-element-a41a9da e-flex e-con-boxed e-con e-parent\" data-id=\"a41a9da\" data-element_type=\"container\" data-e-type=\"container\">\n\t\t\t\t\t<div class=\"e-con-inner\">\n\t\t\t\t<div class=\"elementor-element elementor-element-1b55cbf elementor-widget elementor-widget-spacer\" data-id=\"1b55cbf\" data-element_type=\"widget\" data-e-type=\"widget\" data-widget_type=\"spacer.default\">\n\t\t\t\t\t\t\t<div class=\"elementor-spacer\">\n\t\t\t<div class=\"elementor-spacer-inner\"><\/div>\n\t\t<\/div>\n\t\t\t\t\t\t<\/div>\n\t\t\t\t\t<\/div>\n\t\t\t\t<\/div>\n\t\t\t\t<\/div>","protected":false},"excerpt":{"rendered":"<p>Ankommen. Aufatmen. Wohlf\u00fchlen. Famili\u00e4re Herzlichkeit und unber\u00fchrte Natur im idyllischen Langtaufers. Kontakt Willkommen im Aparthotel Alpenfriede Ankommen. Durchatmen. Zuhause sein. Inmitten der beeindruckenden Bergwelt von Langtaufers erwartet Sie unser familiengef\u00fchrtes Aparthotel &#8211; ein Ort, an dem Herzlichkeit, Naturverbundenheit und echte Gastfreundschaft seit Generationen gelebt werden. Das Aparthotel Alpenfriede verbindet die Freiheit eines Apartments mit dem &#8230;<\/p>","protected":false},"author":1,"featured_media":0,"parent":0,"menu_order":0,"comment_status":"closed","ping_status":"closed","template":"template-wide-content.php","meta":{"cozystay_single_page_hide_site_header":"","cozystay_single_page_site_header_source":"","cozystay_single_page_custom_site_header":"0","cozystay_single_page_custom_sticky_site_header":"0","cozystay_single_page_hide_page_title":"on","cozystay_single_page_header_section_size":"","cozystay_single_page_header_background_color":"","cozystay_single_page_header_background_position_x":"center","cozystay_single_page_header_background_position_y":"center","cozystay_single_page_header_background_size":"cover","cozystay_single_page_header_background_repeat":"off","cozystay_single_page_header_background_scroll":"on","cozystay_single_page_header_text_color":"","cozystay_single_page_header_show_breadcrumb":"","cozystay_single_page_site_footer_hide_main":"","cozystay_single_custom_site_footer_main_source":"","cozystay_single_custom_site_footer_main":"0","cozystay_single_page_site_footer_hide_above":"","cozystay_single_custom_site_footer_above_source":"","cozystay_single_custom_site_footer_above":"0","cozystay_single_page_site_footer_hide_instagram":"","cozystay_single_page_site_footer_hide_bottom":"","cozystay_single_custom_mobile_menu_source":"","cozystay_single_custom_mobile_menu":"0","cozystay_single_custom_mobile_menu_animation":"","cozystay_single_custom_mobile_menu_width":"","cozystay_single_custom_mobile_menu_custom_width":375,"footnotes":""},"class_list":["post-2255","page","type-page","status-publish","hentry"],"_links":{"self":[{"href":"https:\/\/www.alpenfriede.it\/it\/wp-json\/wp\/v2\/pages\/2255","targetHints":{"allow":["GET"]}}],"collection":[{"href":"https:\/\/www.alpenfriede.it\/it\/wp-json\/wp\/v2\/pages"}],"about":[{"href":"https:\/\/www.alpenfriede.it\/it\/wp-json\/wp\/v2\/types\/page"}],"author":[{"embeddable":true,"href":"https:\/\/www.alpenfriede.it\/it\/wp-json\/wp\/v2\/users\/1"}],"replies":[{"embeddable":true,"href":"https:\/\/www.alpenfriede.it\/it\/wp-json\/wp\/v2\/comments?post=2255"}],"version-history":[{"count":124,"href":"https:\/\/www.alpenfriede.it\/it\/wp-json\/wp\/v2\/pages\/2255\/revisions"}],"predecessor-version":[{"id":3116,"href":"https:\/\/www.alpenfriede.it\/it\/wp-json\/wp\/v2\/pages\/2255\/revisions\/3116"}],"wp:attachment":[{"href":"https:\/\/www.alpenfriede.it\/it\/wp-json\/wp\/v2\/media?parent=2255"}],"curies":[{"name":"wp","href":"https:\/\/api.w.org\/{rel}","templated":true}]}}