{"id":2675,"date":"2026-04-24T09:14:19","date_gmt":"2026-04-24T09:14:19","guid":{"rendered":"https:\/\/www.alpenfriede.it\/?page_id=2675"},"modified":"2026-04-24T09:18:21","modified_gmt":"2026-04-24T09:18:21","slug":"zimmer","status":"publish","type":"page","link":"https:\/\/www.alpenfriede.it\/it\/zimmer\/","title":{"rendered":"Zimmer"},"content":{"rendered":"\t\t<div data-elementor-type=\"wp-page\" data-elementor-id=\"2675\" class=\"elementor elementor-2675\">\n\t\t\t\t\t\t<section class=\"elementor-section elementor-top-section elementor-element elementor-element-10e74de elementor-section-boxed elementor-section-height-default elementor-section-height-default\" data-id=\"10e74de\" data-element_type=\"section\" data-e-type=\"section\">\n\t\t\t\t\t\t<div class=\"elementor-container elementor-column-gap-no\">\n\t\t\t\t\t<div class=\"elementor-column elementor-col-100 elementor-top-column elementor-element elementor-element-bf172eb\" data-id=\"bf172eb\" data-element_type=\"column\" data-e-type=\"column\">\n\t\t\t<div class=\"elementor-widget-wrap elementor-element-populated\">\n\t\t\t\t\t\t<div class=\"elementor-element elementor-element-8cd1ecf cs-animation-small-offset elementor-invisible elementor-widget elementor-widget-cs_rooms\" data-id=\"8cd1ecf\" data-element_type=\"widget\" data-e-type=\"widget\" data-settings=\"{&quot;_animation&quot;:&quot;fadeInUp&quot;,&quot;_animation_delay&quot;:200}\" data-widget_type=\"cs_rooms.default\">\n\t\t\t\t<div class=\"elementor-widget-container\">\n\t\t\t\t\t                    <div class=\"posts cs-rooms text-center layout-zigzag layout-list img-ratio-3-2\" data-settings='{\"query\":{\"paged\":1,\"posts_per_page\":\"10\",\"ignore_sticky_posts\":true,\"post_type\":\"loftocean_room\",\"post_status\":\"publish\",\"tax_query\":[{\"taxonomy\":\"lo_room_type\",\"field\":\"slug\",\"terms\":[\"zimmer\"]}]},\"settings\":{\"layout\":\"zigzag\",\"columns\":false,\"metas\":[\"excerpt\",\"read_more_btn\",\"subtitle\",\"facilities\",\"label\"],\"page_layout\":\"\",\"subtitle_position\":\"before_title\",\"facility_limit\":\"\",\"pagination\":\"ajax-manual\",\"render_room_list\":\"yes\",\"archive_page\":\"elementor\"}}'>\n                        <div class=\"posts-wrapper cs-rooms-wrapper\">\n    <div class=\"post cs-room-item has-post-thumbnail format-gallery\">            <div class=\"featured-img\">\n                <a href=\"https:\/\/www.alpenfriede.it\/it\/room\/alpina\/\" aria-label=\"Room Featured Image\">                    <ul class=\"thumbnail-gallery\">                        <li><img fetchpriority=\"high\" decoding=\"async\" width=\"780\" height=\"665\" src=\"https:\/\/www.alpenfriede.it\/wp-content\/uploads\/2023\/05\/7-B-780x665.jpg\" class=\"attachment-cozystay_780x9999 size-cozystay_780x9999\" alt=\"\" srcset=\"https:\/\/www.alpenfriede.it\/wp-content\/uploads\/2023\/05\/7-B-780x665.jpg 780w, https:\/\/www.alpenfriede.it\/wp-content\/uploads\/2023\/05\/7-B-300x256.jpg 300w, https:\/\/www.alpenfriede.it\/wp-content\/uploads\/2023\/05\/7-B-1024x873.jpg 1024w, https:\/\/www.alpenfriede.it\/wp-content\/uploads\/2023\/05\/7-B-768x655.jpg 768w, https:\/\/www.alpenfriede.it\/wp-content\/uploads\/2023\/05\/7-B-1536x1310.jpg 1536w, https:\/\/www.alpenfriede.it\/wp-content\/uploads\/2023\/05\/7-B-2048x1747.jpg 2048w, https:\/\/www.alpenfriede.it\/wp-content\/uploads\/2023\/05\/7-B-1920x1638.jpg 1920w, https:\/\/www.alpenfriede.it\/wp-content\/uploads\/2023\/05\/7-B-1440x1228.jpg 1440w, https:\/\/www.alpenfriede.it\/wp-content\/uploads\/2023\/05\/7-B-1200x1024.jpg 1200w, https:\/\/www.alpenfriede.it\/wp-content\/uploads\/2023\/05\/7-B-600x512.jpg 600w, https:\/\/www.alpenfriede.it\/wp-content\/uploads\/2023\/05\/7-B-550x469.jpg 550w, https:\/\/www.alpenfriede.it\/wp-content\/uploads\/2023\/05\/7-B-370x316.jpg 370w, https:\/\/www.alpenfriede.it\/wp-content\/uploads\/2023\/05\/7-B-255x217.jpg 255w\" sizes=\"(max-width: 780px) 100vw, 780px\" \/><\/li>                        <li><img decoding=\"async\" width=\"780\" height=\"525\" src=\"https:\/\/www.alpenfriede.it\/wp-content\/uploads\/2023\/05\/7-1-780x525.jpg\" class=\"attachment-cozystay_780x9999 size-cozystay_780x9999\" alt=\"\" srcset=\"https:\/\/www.alpenfriede.it\/wp-content\/uploads\/2023\/05\/7-1-780x525.jpg 780w, https:\/\/www.alpenfriede.it\/wp-content\/uploads\/2023\/05\/7-1-300x202.jpg 300w, https:\/\/www.alpenfriede.it\/wp-content\/uploads\/2023\/05\/7-1-1024x689.jpg 1024w, https:\/\/www.alpenfriede.it\/wp-content\/uploads\/2023\/05\/7-1-768x517.jpg 768w, https:\/\/www.alpenfriede.it\/wp-content\/uploads\/2023\/05\/7-1-1536x1034.jpg 1536w, https:\/\/www.alpenfriede.it\/wp-content\/uploads\/2023\/05\/7-1-2048x1378.jpg 2048w, https:\/\/www.alpenfriede.it\/wp-content\/uploads\/2023\/05\/7-1-1920x1292.jpg 1920w, https:\/\/www.alpenfriede.it\/wp-content\/uploads\/2023\/05\/7-1-1440x969.jpg 1440w, https:\/\/www.alpenfriede.it\/wp-content\/uploads\/2023\/05\/7-1-1200x808.jpg 1200w, https:\/\/www.alpenfriede.it\/wp-content\/uploads\/2023\/05\/7-1-600x404.jpg 600w, https:\/\/www.alpenfriede.it\/wp-content\/uploads\/2023\/05\/7-1-550x370.jpg 550w, https:\/\/www.alpenfriede.it\/wp-content\/uploads\/2023\/05\/7-1-370x249.jpg 370w, https:\/\/www.alpenfriede.it\/wp-content\/uploads\/2023\/05\/7-1-255x172.jpg 255w\" sizes=\"(max-width: 780px) 100vw, 780px\" \/><\/li>                    <\/ul>                <\/a>                    <div class=\"slider-arrows\"><\/div>\n                    <div class=\"slider-dots\"><\/div>            <\/div>\n        <div class=\"post-content cs-room-content\">\n            <header class=\"post-header item-header\">                    <div class=\"item-subtitle\">Zimmer<\/div>                <h2 class=\"post-title item-title\">\n                    <a href=\"https:\/\/www.alpenfriede.it\/it\/room\/alpina\/\">Alpina<\/a>\n                <\/h2>            <div class=\"cs-room-basic-info\">\n                <ul>                        <li>\n                            <div class=\"csrbi-icon\"><i class=\"flaticon flaticon-user-2\"><\/i><\/div>                            <span class=\"csrbi-text\">2 G\u00e4ste<\/span>                        <\/li>                        <li>\n                            <div class=\"csrbi-icon\"><i class=\"flaticon flaticon-bed-6\"><\/i><\/div>                            <span class=\"csrbi-text\">1 Doppelbett<\/span>                        <\/li>                        <li>\n                            <div class=\"csrbi-icon\"><i class=\"flaticon flaticon-bathing\"><\/i><\/div>                            <span class=\"csrbi-text\">1 Badezimmer<\/span>                        <\/li>                <\/ul>\n            <\/div>            <\/header>                <div class=\"post-excerpt item-excerpt\"><p>Ein zeitloser Name f\u00fcr ein Apartment im Herzen der \u00d6tztaler Alpen. Alpina steht f\u00fcr Ruhe, Weite und das Gef\u00fchl, mitten in einer beeindruckenden Hochgebirgslandschaft anzukommen.<\/p>\n<\/div>                <footer class=\"post-footer item-footer\">\n                    <div class=\"more-btn\">\n                        <a class=\"read-more-btn button cs-btn-underline\" href=\"https:\/\/www.alpenfriede.it\/it\/room\/alpina\/\">\n                            <span>Mehr ansehen<\/span>\n                        <\/a>\n                    <\/div>\n                <\/footer>        <\/div>\n    <\/div>\n\n    <div class=\"post cs-room-item has-post-thumbnail format-gallery\">            <div class=\"featured-img\">\n                <a href=\"https:\/\/www.alpenfriede.it\/it\/room\/crocina\/\" aria-label=\"Room Featured Image\">                    <ul class=\"thumbnail-gallery\">                        <li><img decoding=\"async\" width=\"780\" height=\"665\" src=\"https:\/\/www.alpenfriede.it\/wp-content\/uploads\/2023\/05\/7-B-1-780x665.jpg\" class=\"attachment-cozystay_780x9999 size-cozystay_780x9999\" alt=\"\" srcset=\"https:\/\/www.alpenfriede.it\/wp-content\/uploads\/2023\/05\/7-B-1-780x665.jpg 780w, https:\/\/www.alpenfriede.it\/wp-content\/uploads\/2023\/05\/7-B-1-300x256.jpg 300w, https:\/\/www.alpenfriede.it\/wp-content\/uploads\/2023\/05\/7-B-1-1024x873.jpg 1024w, https:\/\/www.alpenfriede.it\/wp-content\/uploads\/2023\/05\/7-B-1-768x655.jpg 768w, https:\/\/www.alpenfriede.it\/wp-content\/uploads\/2023\/05\/7-B-1-1536x1310.jpg 1536w, https:\/\/www.alpenfriede.it\/wp-content\/uploads\/2023\/05\/7-B-1-2048x1747.jpg 2048w, https:\/\/www.alpenfriede.it\/wp-content\/uploads\/2023\/05\/7-B-1-1920x1638.jpg 1920w, https:\/\/www.alpenfriede.it\/wp-content\/uploads\/2023\/05\/7-B-1-1440x1228.jpg 1440w, https:\/\/www.alpenfriede.it\/wp-content\/uploads\/2023\/05\/7-B-1-1200x1024.jpg 1200w, https:\/\/www.alpenfriede.it\/wp-content\/uploads\/2023\/05\/7-B-1-600x512.jpg 600w, https:\/\/www.alpenfriede.it\/wp-content\/uploads\/2023\/05\/7-B-1-550x469.jpg 550w, https:\/\/www.alpenfriede.it\/wp-content\/uploads\/2023\/05\/7-B-1-370x316.jpg 370w, https:\/\/www.alpenfriede.it\/wp-content\/uploads\/2023\/05\/7-B-1-255x217.jpg 255w\" sizes=\"(max-width: 780px) 100vw, 780px\" \/><\/li>                        <li><img loading=\"lazy\" decoding=\"async\" width=\"780\" height=\"525\" src=\"https:\/\/www.alpenfriede.it\/wp-content\/uploads\/2023\/05\/7-4-780x525.jpg\" class=\"attachment-cozystay_780x9999 size-cozystay_780x9999\" alt=\"\" srcset=\"https:\/\/www.alpenfriede.it\/wp-content\/uploads\/2023\/05\/7-4-780x525.jpg 780w, https:\/\/www.alpenfriede.it\/wp-content\/uploads\/2023\/05\/7-4-300x202.jpg 300w, https:\/\/www.alpenfriede.it\/wp-content\/uploads\/2023\/05\/7-4-1024x689.jpg 1024w, https:\/\/www.alpenfriede.it\/wp-content\/uploads\/2023\/05\/7-4-768x517.jpg 768w, https:\/\/www.alpenfriede.it\/wp-content\/uploads\/2023\/05\/7-4-1536x1034.jpg 1536w, https:\/\/www.alpenfriede.it\/wp-content\/uploads\/2023\/05\/7-4-2048x1378.jpg 2048w, https:\/\/www.alpenfriede.it\/wp-content\/uploads\/2023\/05\/7-4-1920x1292.jpg 1920w, https:\/\/www.alpenfriede.it\/wp-content\/uploads\/2023\/05\/7-4-1440x969.jpg 1440w, https:\/\/www.alpenfriede.it\/wp-content\/uploads\/2023\/05\/7-4-1200x808.jpg 1200w, https:\/\/www.alpenfriede.it\/wp-content\/uploads\/2023\/05\/7-4-600x404.jpg 600w, https:\/\/www.alpenfriede.it\/wp-content\/uploads\/2023\/05\/7-4-550x370.jpg 550w, https:\/\/www.alpenfriede.it\/wp-content\/uploads\/2023\/05\/7-4-370x249.jpg 370w, https:\/\/www.alpenfriede.it\/wp-content\/uploads\/2023\/05\/7-4-255x172.jpg 255w\" sizes=\"(max-width: 780px) 100vw, 780px\" \/><\/li>                    <\/ul>                <\/a>                    <div class=\"slider-arrows\"><\/div>\n                    <div class=\"slider-dots\"><\/div>            <\/div>\n        <div class=\"post-content cs-room-content\">\n            <header class=\"post-header item-header\">                    <div class=\"item-subtitle\">Zimmer<\/div>                <h2 class=\"post-title item-title\">\n                    <a href=\"https:\/\/www.alpenfriede.it\/it\/room\/crocina\/\">Crocina<\/a>\n                <\/h2>            <div class=\"cs-room-basic-info\">\n                <ul>                        <li>\n                            <div class=\"csrbi-icon\"><i class=\"flaticon flaticon-user-2\"><\/i><\/div>                            <span class=\"csrbi-text\">2 G\u00e4ste<\/span>                        <\/li>                        <li>\n                            <div class=\"csrbi-icon\"><i class=\"flaticon flaticon-bed-6\"><\/i><\/div>                            <span class=\"csrbi-text\">1 Doppelbett<\/span>                        <\/li>                        <li>\n                            <div class=\"csrbi-icon\"><i class=\"flaticon flaticon-bathing\"><\/i><\/div>                            <span class=\"csrbi-text\">1 Badezimmer<\/span>                        <\/li>                <\/ul>\n            <\/div>            <\/header>                <div class=\"post-excerpt item-excerpt\"><p>Inspiriert vom ber\u00fchmten Krokusbl\u00fctenmeer im Fr\u00fchling. Crocina bringt Leichtigkeit, Farbe und die besondere Lebendigkeit der erwachenden Natur ins Haus.<\/p>\n<\/div>                <footer class=\"post-footer item-footer\">\n                    <div class=\"more-btn\">\n                        <a class=\"read-more-btn button cs-btn-underline\" href=\"https:\/\/www.alpenfriede.it\/it\/room\/crocina\/\">\n                            <span>Mehr ansehen<\/span>\n                        <\/a>\n                    <\/div>\n                <\/footer>        <\/div>\n    <\/div>\n                        <\/div>                    <\/div>\t\t\t\t<\/div>\n\t\t\t\t<\/div>\n\t\t\t\t\t<\/div>\n\t\t<\/div>\n\t\t\t\t\t<\/div>\n\t\t<\/section>\n\t\t\t\t<\/div>\n\t\t","protected":false},"excerpt":{"rendered":"<p>Zimmer mit Balkon Alpina 84 m2 2 G\u00e4ste 1 Doppelbett 1 Badezimmer Ein zeitloser Name f\u00fcr ein Apartment im Herzen der \u00d6tztaler Alpen. Alpina steht f\u00fcr Ruhe, Weite und das Gef\u00fchl, mitten in einer beeindruckenden Hochgebirgslandschaft anzukommen. Discover More Zimmer mit Balkon Crocina 170 m2 4 Guests 2 King Beds 2 Bathrooms Inspiriert vom ber\u00fchmten &#8230;<\/p>","protected":false},"author":1,"featured_media":0,"parent":0,"menu_order":0,"comment_status":"closed","ping_status":"closed","template":"template-wide-content.php","meta":{"cozystay_single_page_hide_site_header":"","cozystay_single_page_site_header_source":"","cozystay_single_page_custom_site_header":"0","cozystay_single_page_custom_sticky_site_header":"0","cozystay_single_page_hide_page_title":"","cozystay_single_page_header_section_size":"","cozystay_single_page_header_background_color":"","cozystay_single_page_header_background_position_x":"center","cozystay_single_page_header_background_position_y":"center","cozystay_single_page_header_background_size":"cover","cozystay_single_page_header_background_repeat":"off","cozystay_single_page_header_background_scroll":"on","cozystay_single_page_header_text_color":"","cozystay_single_page_header_show_breadcrumb":"","cozystay_single_page_site_footer_hide_main":"","cozystay_single_custom_site_footer_main_source":"","cozystay_single_custom_site_footer_main":"0","cozystay_single_page_site_footer_hide_above":"","cozystay_single_custom_site_footer_above_source":"","cozystay_single_custom_site_footer_above":"0","cozystay_single_page_site_footer_hide_instagram":"","cozystay_single_page_site_footer_hide_bottom":"","cozystay_single_custom_mobile_menu_source":"","cozystay_single_custom_mobile_menu":"0","cozystay_single_custom_mobile_menu_animation":"","cozystay_single_custom_mobile_menu_width":"","cozystay_single_custom_mobile_menu_custom_width":375,"footnotes":""},"class_list":["post-2675","page","type-page","status-publish","hentry"],"_links":{"self":[{"href":"https:\/\/www.alpenfriede.it\/it\/wp-json\/wp\/v2\/pages\/2675","targetHints":{"allow":["GET"]}}],"collection":[{"href":"https:\/\/www.alpenfriede.it\/it\/wp-json\/wp\/v2\/pages"}],"about":[{"href":"https:\/\/www.alpenfriede.it\/it\/wp-json\/wp\/v2\/types\/page"}],"author":[{"embeddable":true,"href":"https:\/\/www.alpenfriede.it\/it\/wp-json\/wp\/v2\/users\/1"}],"replies":[{"embeddable":true,"href":"https:\/\/www.alpenfriede.it\/it\/wp-json\/wp\/v2\/comments?post=2675"}],"version-history":[{"count":8,"href":"https:\/\/www.alpenfriede.it\/it\/wp-json\/wp\/v2\/pages\/2675\/revisions"}],"predecessor-version":[{"id":2696,"href":"https:\/\/www.alpenfriede.it\/it\/wp-json\/wp\/v2\/pages\/2675\/revisions\/2696"}],"wp:attachment":[{"href":"https:\/\/www.alpenfriede.it\/it\/wp-json\/wp\/v2\/media?parent=2675"}],"curies":[{"name":"wp","href":"https:\/\/api.w.org\/{rel}","templated":true}]}}